{"id":2751,"date":"2023-11-24T15:06:23","date_gmt":"2023-11-24T14:06:23","guid":{"rendered":"https:\/\/coopbionacre.fr\/?page_id=2751"},"modified":"2025-09-08T18:16:26","modified_gmt":"2025-09-08T16:16:26","slug":"associations-partenaires","status":"publish","type":"page","link":"https:\/\/coopbionacre.fr\/index.php\/associations-partenaires\/","title":{"rendered":"Actu associations"},"content":{"rendered":"\n<p class=\"has-text-align-center has-base-background-color has-background\" style=\"font-size:clamp(0.875rem, 0.875rem + ((1vw - 0.2rem) * 0.773), 1.3rem);text-transform:uppercase\"><strong>Actualit\u00e9s des Associations amies <br>et quelques \u00e9v\u00e9nements ext\u00e9rieurs<\/strong><\/p>\n\n\n\n<div class=\"wp-block-uagb-container uagb-block-f5859263 default uagb-is-root-container\">\n\t\t\t<div class=\"wp-block-uagb-post-carousel uagb-post-grid  uagb-post__image-position-top uagb-post__image-disabled uagb-block-6e894bbe     uagb-post__arrow-outside uagb-slick-carousel uagb-post__items uagb-post__columns-2 is-carousel uagb-post__columns-tablet-2 uagb-post__columns-mobile-1 uagb-post__carousel_equal-height\" data-total=\"3\" style=\"\">\n\n\t\t\t\t\t\t\t\t\t\t\t\t<article class=\"uagb-post__inner-wrap\">\t\t\t\t\t\t\t\t<h5 class=\"uagb-post__title uagb-post__text\">\n\t\t\t\t<a href=\"https:\/\/coopbionacre.fr\/index.php\/2026\/04\/22\/les-associations-ecologistes-prises-en-etau-entre-austerite-et-criminalisation\/\" target=\"_self\" rel=\"bookmark noopener noreferrer\">Les associations \u00e9cologistes prises en \u00e9tau entre aust\u00e9rit\u00e9 et criminalisation<\/a>\n\t\t\t<\/h5>\n\t\t\t\t\t\t<div class='uagb-post__text uagb-post-grid-byline'>\n\t\t\t\t\t\t\t\t<time datetime=\"2026-04-22T20:35:51+02:00\" class=\"uagb-post__date\">\n\t\t\t\t\t\t\t\t\t22 avril 2026\t\t\t\t<\/time>\n\t\t\t\t\t\t<\/div>\n\t\t\t\t\t\t\t<div class='uagb-post__text uagb-post__excerpt'>\n\t\t\t\t\t<!-- wp:paragraph -->\n<p>Subventions coup\u00e9es, baisse des dons, r\u00e9pression judiciaire\u2026 Plusieurs associations \u00e9cologistes t\u00e9moignent aupr\u00e8s de <em>Reporterre<\/em> des nombreuses difficult\u00e9s financi\u00e8res auxquelles elles sont confront\u00e9es. <a href=\"https:\/\/reporterre.net\/Subventions-coupees-repression-Comment-l-Etat-asphyxie-les-associations-ecolos\" target=\"_blank\" rel=\"noreferrer noopener\">Lire l&rsquo;article sur le site de Reporterre.<\/a><\/p>\n<!-- \/wp:paragraph -->\n\n<!-- wp:cover {\"url\":\"https:\/\/coopbionacre.fr\/wp-content\/uploads\/2026\/04\/image-3.png\",\"id\":6507,\"dimRatio\":50,\"minHeight\":270,\"minHeightUnit\":\"px\",\"contentPosition\":\"bottom center\",\"align\":\"center\",\"style\":{\"color\":[]}} -->\n<div class=\"wp-block-cover aligncenter has-custom-content-position is-position-bottom-center\" style=\"min-height:270px\"><img loading=\"lazy\" decoding=\"async\" width=\"720\" height=\"480\" class=\"wp-block-cover__image-background wp-image-6507\" alt=\"\" src=\"https:\/\/coopbionacre.fr\/wp-content\/uploads\/2026\/04\/image-3.png\" data-object-fit=\"cover\" srcset=\"https:\/\/coopbionacre.fr\/wp-content\/uploads\/2026\/04\/image-3.png 720w, https:\/\/coopbionacre.fr\/wp-content\/uploads\/2026\/04\/image-3-300x200.png 300w\" sizes=\"auto, (max-width: 720px) 100vw, 720px\" \/><span aria-hidden=\"true\" class=\"wp-block-cover__background has-background-dim\"><\/span><div class=\"wp-block-cover__inner-container\"><!-- wp:paragraph {\"align\":\"center\",\"style\":{\"elements\":{\"link\":{\"color\":{\"text\":\"var:preset|color|tertiary\"}}}},\"textColor\":\"tertiary\",\"fontSize\":\"small\"} -->\n<p class=\"has-text-align-center has-tertiary-color has-text-color has-link-color has-small-font-size\"><sub><em>Am\u00e9lie Fontaine \/ Reporterre<\/em><\/sub><\/p>\n<!-- \/wp:paragraph --><\/div><\/div>\n<!-- \/wp:cover -->\t\t\t\t<\/div>\n\t\t\t\n\t\t\t\t\t\t\t\t\t<\/article>\n\t\t\t\t\t\t\t\t\t\t\t\t\t\t\t\t<article class=\"uagb-post__inner-wrap\">\t\t\t\t\t\t\t\t<h5 class=\"uagb-post__title uagb-post__text\">\n\t\t\t\t<a href=\"https:\/\/coopbionacre.fr\/index.php\/2026\/03\/31\/uniques-en-tous-genres-festival-lion-sur-mer-3-4-avril\/\" target=\"_self\" rel=\"bookmark noopener noreferrer\">Uniques en tous genres (festival Lion-sur-mer 3-4 avril)<\/a>\n\t\t\t<\/h5>\n\t\t\t\t\t\t<div class='uagb-post__text uagb-post-grid-byline'>\n\t\t\t\t\t\t\t\t<time datetime=\"2026-03-31T11:00:00+02:00\" class=\"uagb-post__date\">\n\t\t\t\t\t\t\t\t\t31 mars 2026\t\t\t\t<\/time>\n\t\t\t\t\t\t<\/div>\n\t\t\t\t\t\t\t<div class='uagb-post__text uagb-post__excerpt'>\n\t\t\t\t\t<!-- wp:image {\"id\":6462,\"width\":\"265px\",\"height\":\"auto\",\"aspectRatio\":\"0.7089850910980776\",\"sizeSlug\":\"large\",\"linkDestination\":\"none\",\"align\":\"center\"} -->\n<figure class=\"wp-block-image aligncenter size-large is-resized\"><img loading=\"lazy\" decoding=\"async\" width=\"726\" height=\"1024\" src=\"https:\/\/coopbionacre.fr\/wp-content\/uploads\/2026\/04\/festival-unique-en-tous-genres-726x1024.jpg\" alt=\"\" class=\"wp-image-6462\" style=\"aspect-ratio:0.7089850910980776;width:265px;height:auto\" srcset=\"https:\/\/coopbionacre.fr\/wp-content\/uploads\/2026\/04\/festival-unique-en-tous-genres-726x1024.jpg 726w, https:\/\/coopbionacre.fr\/wp-content\/uploads\/2026\/04\/festival-unique-en-tous-genres-213x300.jpg 213w, https:\/\/coopbionacre.fr\/wp-content\/uploads\/2026\/04\/festival-unique-en-tous-genres.jpg 744w\" sizes=\"auto, (max-width: 726px) 100vw, 726px\" \/><\/figure>\n<!-- \/wp:image -->\n\n<!-- wp:paragraph {\"style\":{\"typography\":{\"lineHeight\":\"1.3\"}},\"fontSize\":\"small\"} -->\n<p class=\"has-small-font-size\" style=\"line-height:1.3\">Il est important que les femmes soient plus pr\u00e9sentes dans l\u2019espace public. Inspirer, partager, faire ensemble dans le respect et la solidarit\u00e9 sont propos\u00e9s dans ce festival qui souhaite apporter sa pierre \u00e0 l\u2019\u00e9difice.<br>Le programme est d\u00e9coup\u00e9 en plusieurs formats : <strong>ateliers, animations, film, conf\u00e9renci\u00e8res, march\u00e9 de cr\u00e9atrices, DJ, clown,<\/strong> soutien de plusieurs associations engag\u00e9es aupr\u00e8s de la d\u00e9fense des droits des femmes.<br>Sur place, plusieurs services sont propos\u00e9s : une buvette bio et locale, une petite restauration le soir, une \u00ab bambinerie \u00bb pour accueillir les enfants et permettre \u00e0 tous les parents de profiter d\u2019un festival inclusif.<\/p>\n<!-- \/wp:paragraph -->\t\t\t\t<\/div>\n\t\t\t\n\t\t\t\t\t\t\t\t\t<\/article>\n\t\t\t\t\t\t\t\t\t\t\t\t\t\t\t\t<article class=\"uagb-post__inner-wrap\">\t\t\t\t\t\t\t\t<h5 class=\"uagb-post__title uagb-post__text\">\n\t\t\t\t<a href=\"https:\/\/coopbionacre.fr\/index.php\/2026\/03\/26\/fete-du-printemps-3\/\" target=\"_self\" rel=\"bookmark noopener noreferrer\">F\u00eate du printemps<\/a>\n\t\t\t<\/h5>\n\t\t\t\t\t\t<div class='uagb-post__text uagb-post-grid-byline'>\n\t\t\t\t\t\t\t\t<time datetime=\"2026-03-26T10:32:00+01:00\" class=\"uagb-post__date\">\n\t\t\t\t\t\t\t\t\t26 mars 2026\t\t\t\t<\/time>\n\t\t\t\t\t\t<\/div>\n\t\t\t\t\t\t\t<div class='uagb-post__text uagb-post__excerpt'>\n\t\t\t\t\t<!-- wp:paragraph {\"style\":{\"typography\":{\"lineHeight\":\"1.3\"}},\"fontSize\":\"small\"} -->\n<p class=\"has-small-font-size\" style=\"line-height:1.3\">Rendez-vous le <strong>29 mars 2026 de 10h \u00e0 18h<\/strong> \u00e0 l\u2019\u00c9picerie du Coing pour c\u00e9l\u00e9brer la <strong>F\u00eate du Printemps. <\/strong>Au programme : balades, moments conviviaux et animations pour petits et grands. Venez profiter d\u2019une journ\u00e9e pleine de <strong>bonne humeur et de fra\u00eecheur printani\u00e8re<\/strong><\/p>\n<!-- \/wp:paragraph -->\n\n<!-- wp:image {\"id\":6429,\"width\":\"335px\",\"height\":\"auto\",\"sizeSlug\":\"full\",\"linkDestination\":\"none\",\"align\":\"center\"} -->\n<figure class=\"wp-block-image aligncenter size-full is-resized\"><img loading=\"lazy\" decoding=\"async\" width=\"463\" height=\"654\" src=\"https:\/\/coopbionacre.fr\/wp-content\/uploads\/2026\/04\/fete-du-printemps.jpg\" alt=\"\" class=\"wp-image-6429\" style=\"width:335px;height:auto\" srcset=\"https:\/\/coopbionacre.fr\/wp-content\/uploads\/2026\/04\/fete-du-printemps.jpg 463w, https:\/\/coopbionacre.fr\/wp-content\/uploads\/2026\/04\/fete-du-printemps-212x300.jpg 212w\" sizes=\"auto, (max-width: 463px) 100vw, 463px\" \/><\/figure>\n<!-- \/wp:image -->\t\t\t\t<\/div>\n\t\t\t\n\t\t\t\t\t\t\t\t\t<\/article>\n\t\t\t\t\t\t\t\t\t\t\t\t\t\t\t\t<article class=\"uagb-post__inner-wrap\">\t\t\t\t\t\t\t\t<h5 class=\"uagb-post__title uagb-post__text\">\n\t\t\t\t<a href=\"https:\/\/coopbionacre.fr\/index.php\/2026\/03\/17\/collecte-de-bouchons-de-liege\/\" target=\"_self\" rel=\"bookmark noopener noreferrer\">Collecte de bouchons de li\u00e8ge<\/a>\n\t\t\t<\/h5>\n\t\t\t\t\t\t<div class='uagb-post__text uagb-post-grid-byline'>\n\t\t\t\t\t\t\t\t<time datetime=\"2026-03-17T17:25:31+01:00\" class=\"uagb-post__date\">\n\t\t\t\t\t\t\t\t\t17 mars 2026\t\t\t\t<\/time>\n\t\t\t\t\t\t<\/div>\n\t\t\t\t\t\t\t<div class='uagb-post__text uagb-post__excerpt'>\n\t\t\t\t\t<!-- wp:image {\"id\":6394,\"width\":\"467px\",\"height\":\"auto\",\"aspectRatio\":\"1.7058706651477664\",\"sizeSlug\":\"full\",\"linkDestination\":\"none\",\"align\":\"center\"} -->\n<figure class=\"wp-block-image aligncenter size-full is-resized\"><img loading=\"lazy\" decoding=\"async\" width=\"870\" height=\"510\" src=\"https:\/\/coopbionacre.fr\/wp-content\/uploads\/2026\/03\/1772103403-collecte_bouchons_de_liege_vignette.png\" alt=\"\" class=\"wp-image-6394\" style=\"aspect-ratio:1.7058706651477664;width:467px;height:auto\" srcset=\"https:\/\/coopbionacre.fr\/wp-content\/uploads\/2026\/03\/1772103403-collecte_bouchons_de_liege_vignette.png 870w, https:\/\/coopbionacre.fr\/wp-content\/uploads\/2026\/03\/1772103403-collecte_bouchons_de_liege_vignette-300x176.png 300w, https:\/\/coopbionacre.fr\/wp-content\/uploads\/2026\/03\/1772103403-collecte_bouchons_de_liege_vignette-768x450.png 768w\" sizes=\"auto, (max-width: 870px) 100vw, 870px\" \/><\/figure>\n<!-- \/wp:image -->\n\n<!-- wp:paragraph {\"style\":{\"typography\":{\"lineHeight\":\"1.3\"}},\"fontSize\":\"small\"} -->\n<p class=\"has-small-font-size\" style=\"line-height:1.3\"><strong>L&rsquo;association des <a href=\"https:\/\/bouchonsducoeur.wordpress.com\/\">Bouchons du C\u0153ur de Normandie<\/a><\/strong> a install\u00e9 un panier <span style=\"text-decoration: underline\">\u00e0 l&rsquo;entr\u00e9e de la mairie de Douvres <\/span>pour collecter les bouchons de li\u00e8ge.<br>Pourquoi collecter les bouchons de li\u00e8ge ?<br>Cette initiative permet de soutenir une association r\u00e9gionale engag\u00e9e aupr\u00e8s de personnes en situation de handicap. Les bouchons collect\u00e9s sont confi\u00e9s \u00e0 des entreprises sp\u00e9cialis\u00e9es qui les transforment en mat\u00e9riaux \u00e9cologiques, notamment utilis\u00e9s dans la construction de b\u00e2timents respectueux de l\u2019environnement. La vente des bouchons recycl\u00e9s permet ensuite de financer des actions sociales, humanitaires et solidaires en faveur des personnes handicap\u00e9es et de leurs familles.<\/p>\n<!-- \/wp:paragraph -->\t\t\t\t<\/div>\n\t\t\t\n\t\t\t\t\t\t\t\t\t<\/article>\n\t\t\t\t\t\t\t\t\t\t\t\t\t\t\t\t<article class=\"uagb-post__inner-wrap\">\t\t\t\t\t\t\t\t<h5 class=\"uagb-post__title uagb-post__text\">\n\t\t\t\t<a href=\"https:\/\/coopbionacre.fr\/index.php\/2026\/03\/17\/campagne-de-prelevements-du-18-au-23-mars\/\" target=\"_self\" rel=\"bookmark noopener noreferrer\">Campagne de pr\u00e9l\u00e8vements du 18 au 23 mars<\/a>\n\t\t\t<\/h5>\n\t\t\t\t\t\t<div class='uagb-post__text uagb-post-grid-byline'>\n\t\t\t\t\t\t\t\t<time datetime=\"2026-03-17T17:15:17+01:00\" class=\"uagb-post__date\">\n\t\t\t\t\t\t\t\t\t17 mars 2026\t\t\t\t<\/time>\n\t\t\t\t\t\t<\/div>\n\t\t\t\t\t\t\t<div class='uagb-post__text uagb-post__excerpt'>\n\t\t\t\t\t<!-- wp:paragraph {\"style\":{\"typography\":{\"lineHeight\":\"1.3\"}}} -->\n<p style=\"line-height:1.3\">Pour son observatoire citoyen, l&rsquo;ACRO fait sa premi\u00e8re campagne de pr\u00e9l\u00e8vements du <strong>18 au 23 mars<\/strong>. On vous attend nombreux, prenez vos plus belles bottes !<br>C&rsquo;est ouvert \u00e0 tous, si vous voulez plus d&rsquo;informations, n&rsquo;h\u00e9sitez pas \u00e0 nous contacter au 02 31 94 35 34, ou par mail : laboratoire[at]acro.eu.org<\/p>\n<!-- \/wp:paragraph -->\n\n<!-- wp:image {\"id\":6372,\"sizeSlug\":\"full\",\"linkDestination\":\"none\",\"align\":\"center\"} -->\n<figure class=\"wp-block-image aligncenter size-full\"><img loading=\"lazy\" decoding=\"async\" width=\"558\" height=\"527\" src=\"https:\/\/coopbionacre.fr\/wp-content\/uploads\/2026\/03\/2Newspreleveurs-ACRO-e1773764046594.png\" alt=\"\" class=\"wp-image-6372\" srcset=\"https:\/\/coopbionacre.fr\/wp-content\/uploads\/2026\/03\/2Newspreleveurs-ACRO-e1773764046594.png 558w, https:\/\/coopbionacre.fr\/wp-content\/uploads\/2026\/03\/2Newspreleveurs-ACRO-e1773764046594-300x283.png 300w\" sizes=\"auto, (max-width: 558px) 100vw, 558px\" \/><\/figure>\n<!-- \/wp:image -->\n\n<!-- wp:paragraph {\"style\":{\"typography\":{\"lineHeight\":\"1.3\"}}} -->\n<p style=\"line-height:1.3\">Pour en savoir plus sur <a href=\"https:\/\/www.acro.eu.org\/\" target=\"_blank\" rel=\"noreferrer noopener\">l&rsquo;ACRO (Association pour le contr\u00f4le de la radioactivit\u00e9 dans l&rsquo;Ouest), c&rsquo;est ici<\/a>.<\/p>\n<!-- \/wp:paragraph -->\t\t\t\t<\/div>\n\t\t\t\n\t\t\t\t\t\t\t\t\t<\/article>\n\t\t\t\t\t\t\t\t\t\t\t\t\t\t\t\t<article class=\"uagb-post__inner-wrap\">\t\t\t\t\t\t\t\t<h5 class=\"uagb-post__title uagb-post__text\">\n\t\t\t\t<a href=\"https:\/\/coopbionacre.fr\/index.php\/2026\/03\/14\/chantier-participatif-a-la-ferme-du-lavoir-21-mars\/\" target=\"_self\" rel=\"bookmark noopener noreferrer\">Chantier participatif \u00e0 la Ferme du Lavoir 21 mars<\/a>\n\t\t\t<\/h5>\n\t\t\t\t\t\t<div class='uagb-post__text uagb-post-grid-byline'>\n\t\t\t\t\t\t\t\t<time datetime=\"2026-03-14T21:00:00+01:00\" class=\"uagb-post__date\">\n\t\t\t\t\t\t\t\t\t14 mars 2026\t\t\t\t<\/time>\n\t\t\t\t\t\t<\/div>\n\t\t\t\t\t\t\t<div class='uagb-post__text uagb-post__excerpt'>\n\t\t\t\t\t<!-- wp:image {\"id\":6387,\"width\":\"181px\",\"height\":\"auto\",\"aspectRatio\":\"0.750000048192415\",\"sizeSlug\":\"large\",\"linkDestination\":\"none\",\"align\":\"center\"} -->\n<figure class=\"wp-block-image aligncenter size-large is-resized\"><img loading=\"lazy\" decoding=\"async\" width=\"768\" height=\"1024\" src=\"https:\/\/coopbionacre.fr\/wp-content\/uploads\/2026\/03\/chantier-1-768x1024.jpg\" alt=\"\" class=\"wp-image-6387\" style=\"aspect-ratio:0.750000048192415;width:181px;height:auto\" \/><\/figure>\n<!-- \/wp:image -->\n\n<!-- wp:paragraph {\"style\":{\"typography\":{\"lineHeight\":\"1.3\"}},\"fontSize\":\"small\"} -->\n<p class=\"has-small-font-size\" style=\"line-height:1.3\">Aurore Jeanson vous propose un chantier participatif \u00e0 la Ferme du Lavoir \u00e0 Formigny-la-Bataille,<strong>le samedi 21 mars 2026<\/strong>. Cette ferme nous fournit du cidre et du jus de pommes et la bi\u00e8re \u00ab\u00a0La Formignonne\u00a0\u00bb.<br \/><strong>Il s&rsquo;agira de faire l&rsquo;entretien des pommiers en coupant le lierre qui les \u00e9trangle.<\/strong> Nous travaillerons par \u00e9quipe de 2 ou 3 : c&rsquo;est plus sympa ! Si vous avez des scies \u00e0 main ou des s\u00e9cateurs, n&rsquo;h\u00e9sitez pas \u00e0 les amener. Et pensez aux gants pour prot\u00e9ger vos mains.<br \/><strong>RDV \u00e0 9h30<\/strong> \u00e0 la Ferme du Lavoir pour l&rsquo;accueil puis nous nous rendrons sur place en voiture. Repas partag\u00e9 dans le verger s&rsquo;il fait beau ou \u00e0 la ferme si le temps n&rsquo;est pas de la partie. Aurore am\u00e8ne les boissons.<\/p>\n<!-- \/wp:paragraph -->\n\n\n <a href=\"https:\/\/coopbionacre.fr\/index.php\/2026\/03\/14\/chantier-participatif-a-la-ferme-du-lavoir-21-mars\/#more-6389\" class=\"more-link\"><span aria-label=\"Lire la suite de Chantier participatif \u00e0 la Ferme du Lavoir 21 mars\">(suite\u2026)<\/span><\/a>\t\t\t\t<\/div>\n\t\t\t\n\t\t\t\t\t\t\t\t\t<\/article>\n\t\t\t\t\t\t\t\t\t\t\t\t\t\t\t\t<article class=\"uagb-post__inner-wrap\">\t\t\t\t\t\t\t\t<h5 class=\"uagb-post__title uagb-post__text\">\n\t\t\t\t<a href=\"https:\/\/coopbionacre.fr\/index.php\/2026\/02\/04\/de-la-lumiere-pour-eclairer-la-paix-et-vaincre-la-guerre\/\" target=\"_self\" rel=\"bookmark noopener noreferrer\">\u00ab De la lumi\u00e8re pour \u00e9clairer la paix et vaincre la guerre \u00bb<\/a>\n\t\t\t<\/h5>\n\t\t\t\t\t\t<div class='uagb-post__text uagb-post-grid-byline'>\n\t\t\t\t\t\t\t\t<time datetime=\"2026-02-04T16:41:42+01:00\" class=\"uagb-post__date\">\n\t\t\t\t\t\t\t\t\t4 f\u00e9vrier 2026\t\t\t\t<\/time>\n\t\t\t\t\t\t<\/div>\n\t\t\t\t\t\t\t<div class='uagb-post__text uagb-post__excerpt'>\n\t\t\t\t\t<!-- wp:image {\"id\":6288,\"width\":\"336px\",\"height\":\"auto\",\"sizeSlug\":\"full\",\"linkDestination\":\"none\",\"align\":\"center\"} -->\n<figure class=\"wp-block-image aligncenter size-full is-resized\"><img loading=\"lazy\" decoding=\"async\" width=\"432\" height=\"307\" src=\"https:\/\/coopbionacre.fr\/wp-content\/uploads\/2026\/02\/bougies-allumees-\u2013-Recherche-Lilo.png\" alt=\"\" class=\"wp-image-6288\" style=\"width:336px;height:auto\" srcset=\"https:\/\/coopbionacre.fr\/wp-content\/uploads\/2026\/02\/bougies-allumees-\u2013-Recherche-Lilo.png 432w, https:\/\/coopbionacre.fr\/wp-content\/uploads\/2026\/02\/bougies-allumees-\u2013-Recherche-Lilo-300x213.png 300w\" sizes=\"auto, (max-width: 432px) 100vw, 432px\" \/><\/figure>\n<!-- \/wp:image -->\n\n<!-- wp:paragraph {\"style\":{\"typography\":{\"lineHeight\":\"1.3\"}}} -->\n<p style=\"line-height:1.3\"><strong>COLLECTE DE BOUGIES POUR L&rsquo;UKRAINE<\/strong><br>L\u2019Association \u00ab\u00a0les Enfants d&rsquo;Ukraine\u00a0\u00bb nous fait part d&rsquo;un besoin urgent de bougies (restes de bougies entam\u00e9es ou neuves), la cire sera reconditionn\u00e9e en bougies. Merci de d\u00e9poser dans le cageot \u00e0 ce effet.<\/p>\n<!-- \/wp:paragraph -->\t\t\t\t<\/div>\n\t\t\t\n\t\t\t\t\t\t\t\t\t<\/article>\n\t\t\t\t\t\t\t\t\t\t\t\t\t\t\t\t<article class=\"uagb-post__inner-wrap\">\t\t\t\t\t\t\t\t<h5 class=\"uagb-post__title uagb-post__text\">\n\t\t\t\t<a href=\"https:\/\/coopbionacre.fr\/index.php\/2026\/01\/21\/campagne-mairie-me\/\" target=\"_self\" rel=\"bookmark noopener noreferrer\">Campagne \u00ab Mairie-Me \u00bb<\/a>\n\t\t\t<\/h5>\n\t\t\t\t\t\t<div class='uagb-post__text uagb-post-grid-byline'>\n\t\t\t\t\t\t\t\t<time datetime=\"2026-01-21T14:19:56+01:00\" class=\"uagb-post__date\">\n\t\t\t\t\t\t\t\t\t21 janvier 2026\t\t\t\t<\/time>\n\t\t\t\t\t\t<\/div>\n\t\t\t\t\t\t\t<div class='uagb-post__text uagb-post__excerpt'>\n\t\t\t\t\t<!-- wp:image {\"id\":6282,\"width\":\"295px\",\"height\":\"auto\",\"aspectRatio\":\"1.0018501104772997\",\"sizeSlug\":\"full\",\"linkDestination\":\"none\",\"align\":\"center\"} -->\n<figure class=\"wp-block-image aligncenter size-full is-resized\"><img loading=\"lazy\" decoding=\"async\" width=\"542\" height=\"541\" src=\"https:\/\/coopbionacre.fr\/wp-content\/uploads\/2026\/01\/mairie-me.jpg\" alt=\"\" class=\"wp-image-6282\" style=\"aspect-ratio:1.0018501104772997;width:295px;height:auto\" srcset=\"https:\/\/coopbionacre.fr\/wp-content\/uploads\/2026\/01\/mairie-me.jpg 542w, https:\/\/coopbionacre.fr\/wp-content\/uploads\/2026\/01\/mairie-me-300x300.jpg 300w, https:\/\/coopbionacre.fr\/wp-content\/uploads\/2026\/01\/mairie-me-150x150.jpg 150w\" sizes=\"auto, (max-width: 542px) 100vw, 542px\" \/><\/figure>\n<!-- \/wp:image -->\n\n<!-- wp:paragraph {\"style\":{\"typography\":{\"lineHeight\":\"1.2\"}},\"fontSize\":\"small\"} -->\n<p class=\"has-small-font-size\" style=\"line-height:1.2\">Vos pr\u00e9occupations deviennent des propositions concr\u00e8tes pour les Municipales 2026.<br>C\u2019est ce que propose Mairie-Me, une plateforme citoyenne lanc\u00e9e par le Collectif pour une Transition Citoyenne et plus de 60 organisations partenaires (Greenpeace, Alternatiba, Oxfam, Emma\u00fcs\u2026).<br>Sur <a href=\"https:\/\/mairie-me.org\/\" target=\"_blank\" rel=\"noreferrer noopener\">mairie-me.org<\/a>, vous pouvez en quelques minutes :<br>&#8211; contribuer \u00e0 faire \u00e9merger des priorit\u00e9s locales partag\u00e9es dans les campagnes municipales.<br>&#8211; dire ce qui vous tient \u00e0 c\u0153ur dans votre commune (mobilit\u00e9, sant\u00e9, climat, logement, alimentation\u2026)<br>Toutes les contributions sont anonymis\u00e9es, transmises aux collectifs locaux, puis utilis\u00e9es pour cr\u00e9er des Pactes citoyens \u00e0 d\u00e9fendre <br>&gt;&gt; Site <a href=\"https:\/\/mairie-me.org\/\">https:\/\/mairie-me.org\/<\/a><\/p>\n<!-- \/wp:paragraph -->\t\t\t\t<\/div>\n\t\t\t\n\t\t\t\t\t\t\t\t\t<\/article>\n\t\t\t\t\t\t\t\t\t\t\t\t\t\t\t\t<article class=\"uagb-post__inner-wrap\">\t\t\t\t\t\t\t\t<h5 class=\"uagb-post__title uagb-post__text\">\n\t\t\t\t<a href=\"https:\/\/coopbionacre.fr\/index.php\/2026\/01\/21\/bilan-climatique-2025-vendredi-6-fevrier-langrune-19h\/\" target=\"_self\" rel=\"bookmark noopener noreferrer\">Bilan climatique 2025: vendredi 6 f\u00e9vrier, Langrune, 19h<\/a>\n\t\t\t<\/h5>\n\t\t\t\t\t\t<div class='uagb-post__text uagb-post-grid-byline'>\n\t\t\t\t\t\t\t\t<time datetime=\"2026-01-21T14:14:14+01:00\" class=\"uagb-post__date\">\n\t\t\t\t\t\t\t\t\t21 janvier 2026\t\t\t\t<\/time>\n\t\t\t\t\t\t<\/div>\n\t\t\t\t\t\t\t<div class='uagb-post__text uagb-post__excerpt'>\n\t\t\t\t\t<!-- wp:image {\"id\":6271,\"sizeSlug\":\"full\",\"linkDestination\":\"none\"} -->\n<figure class=\"wp-block-image size-full\"><img loading=\"lazy\" decoding=\"async\" width=\"889\" height=\"889\" src=\"https:\/\/coopbionacre.fr\/wp-content\/uploads\/2026\/01\/Publication-Instagram_20260115_160523_0000.pdf.png\" alt=\"\" class=\"wp-image-6271\" srcset=\"https:\/\/coopbionacre.fr\/wp-content\/uploads\/2026\/01\/Publication-Instagram_20260115_160523_0000.pdf.png 889w, https:\/\/coopbionacre.fr\/wp-content\/uploads\/2026\/01\/Publication-Instagram_20260115_160523_0000.pdf-300x300.png 300w, https:\/\/coopbionacre.fr\/wp-content\/uploads\/2026\/01\/Publication-Instagram_20260115_160523_0000.pdf-150x150.png 150w, https:\/\/coopbionacre.fr\/wp-content\/uploads\/2026\/01\/Publication-Instagram_20260115_160523_0000.pdf-768x768.png 768w\" sizes=\"auto, (max-width: 889px) 100vw, 889px\" \/><\/figure>\n<!-- \/wp:image -->\t\t\t\t<\/div>\n\t\t\t\n\t\t\t\t\t\t\t\t\t<\/article>\n\t\t\t\t\t\t\t\t\t\t\t\t\t\t\t\t<article class=\"uagb-post__inner-wrap\">\t\t\t\t\t\t\t\t<h5 class=\"uagb-post__title uagb-post__text\">\n\t\t\t\t<a href=\"https:\/\/coopbionacre.fr\/index.php\/2025\/11\/27\/festival-alimenterre-douvres-la-delivrande-dimanche-30-novembre\/\" target=\"_self\" rel=\"bookmark noopener noreferrer\">Festival Alimenterre: Douvres la D\u00e9livrande, dimanche 30 novembre<\/a>\n\t\t\t<\/h5>\n\t\t\t\t\t\t<div class='uagb-post__text uagb-post-grid-byline'>\n\t\t\t\t\t\t\t\t<time datetime=\"2025-11-27T12:57:51+01:00\" class=\"uagb-post__date\">\n\t\t\t\t\t\t\t\t\t27 novembre 2025\t\t\t\t<\/time>\n\t\t\t\t\t\t<\/div>\n\t\t\t\t\t\t\t<div class='uagb-post__text uagb-post__excerpt'>\n\t\t\t\t\t<!-- wp:image {\"id\":6114,\"width\":\"525px\",\"height\":\"auto\",\"sizeSlug\":\"large\",\"linkDestination\":\"none\",\"align\":\"center\"} -->\n<figure class=\"wp-block-image aligncenter size-large is-resized\"><img loading=\"lazy\" decoding=\"async\" width=\"721\" height=\"1024\" src=\"https:\/\/coopbionacre.fr\/wp-content\/uploads\/2025\/11\/verso-douvres-21-721x1024.jpeg\" alt=\"\" class=\"wp-image-6114\" style=\"width:525px;height:auto\" srcset=\"https:\/\/coopbionacre.fr\/wp-content\/uploads\/2025\/11\/verso-douvres-21-721x1024.jpeg 721w, https:\/\/coopbionacre.fr\/wp-content\/uploads\/2025\/11\/verso-douvres-21-211x300.jpeg 211w, https:\/\/coopbionacre.fr\/wp-content\/uploads\/2025\/11\/verso-douvres-21-768x1090.jpeg 768w, https:\/\/coopbionacre.fr\/wp-content\/uploads\/2025\/11\/verso-douvres-21-1082x1536.jpeg 1082w, https:\/\/coopbionacre.fr\/wp-content\/uploads\/2025\/11\/verso-douvres-21-1320x1874.jpeg 1320w, https:\/\/coopbionacre.fr\/wp-content\/uploads\/2025\/11\/verso-douvres-21.jpeg 1409w\" sizes=\"auto, (max-width: 721px) 100vw, 721px\" \/><\/figure>\n<!-- \/wp:image -->\t\t\t\t<\/div>\n\t\t\t\n\t\t\t\t\t\t\t\t\t<\/article>\n\t\t\t\t\t\t\t\t\t\t\t\t\t\t\t\t<article class=\"uagb-post__inner-wrap\">\t\t\t\t\t\t\t\t<h5 class=\"uagb-post__title uagb-post__text\">\n\t\t\t\t<a href=\"https:\/\/coopbionacre.fr\/index.php\/2025\/11\/19\/festival-alimenterre-ouistreham-samedi-22-novembre\/\" target=\"_self\" rel=\"bookmark noopener noreferrer\">Festival Alimenterre : Ouistreham, samedi 22 novembre<\/a>\n\t\t\t<\/h5>\n\t\t\t\t\t\t<div class='uagb-post__text uagb-post-grid-byline'>\n\t\t\t\t\t\t\t\t<time datetime=\"2025-11-19T13:46:23+01:00\" class=\"uagb-post__date\">\n\t\t\t\t\t\t\t\t\t19 novembre 2025\t\t\t\t<\/time>\n\t\t\t\t\t\t<\/div>\n\t\t\t\t\t\t\t<div class='uagb-post__text uagb-post__excerpt'>\n\t\t\t\t\t<!-- wp:image {\"id\":6086,\"width\":\"562px\",\"height\":\"auto\",\"sizeSlug\":\"large\",\"linkDestination\":\"none\",\"align\":\"center\"} -->\n<figure class=\"wp-block-image aligncenter size-large is-resized\"><img loading=\"lazy\" decoding=\"async\" width=\"728\" height=\"1024\" src=\"https:\/\/coopbionacre.fr\/wp-content\/uploads\/2025\/11\/verso-ouistreham-728x1024.jpeg\" alt=\"\" class=\"wp-image-6086\" style=\"width:562px;height:auto\" srcset=\"https:\/\/coopbionacre.fr\/wp-content\/uploads\/2025\/11\/verso-ouistreham-728x1024.jpeg 728w, https:\/\/coopbionacre.fr\/wp-content\/uploads\/2025\/11\/verso-ouistreham-213x300.jpeg 213w, https:\/\/coopbionacre.fr\/wp-content\/uploads\/2025\/11\/verso-ouistreham-768x1081.jpeg 768w, https:\/\/coopbionacre.fr\/wp-content\/uploads\/2025\/11\/verso-ouistreham-1091x1536.jpeg 1091w, https:\/\/coopbionacre.fr\/wp-content\/uploads\/2025\/11\/verso-ouistreham-1320x1858.jpeg 1320w, https:\/\/coopbionacre.fr\/wp-content\/uploads\/2025\/11\/verso-ouistreham.jpeg 1421w\" sizes=\"auto, (max-width: 728px) 100vw, 728px\" \/><\/figure>\n<!-- \/wp:image -->\t\t\t\t<\/div>\n\t\t\t\n\t\t\t\t\t\t\t\t\t<\/article>\n\t\t\t\t\t\t\t\t\t\t\t\t\t\t\t\t<article class=\"uagb-post__inner-wrap\">\t\t\t\t\t\t\t\t<h5 class=\"uagb-post__title uagb-post__text\">\n\t\t\t\t<a href=\"https:\/\/coopbionacre.fr\/index.php\/2025\/11\/19\/festival-alimenterre-lion-sur-mer-vendredi-21-novembre\/\" target=\"_self\" rel=\"bookmark noopener noreferrer\">Festival Alimenterre : Lion-sur-Mer, vendredi 21 novembre<\/a>\n\t\t\t<\/h5>\n\t\t\t\t\t\t<div class='uagb-post__text uagb-post-grid-byline'>\n\t\t\t\t\t\t\t\t<time datetime=\"2025-11-19T13:44:43+01:00\" class=\"uagb-post__date\">\n\t\t\t\t\t\t\t\t\t19 novembre 2025\t\t\t\t<\/time>\n\t\t\t\t\t\t<\/div>\n\t\t\t\t\t\t\t<div class='uagb-post__text uagb-post__excerpt'>\n\t\t\t\t\t<!-- wp:image {\"id\":6085,\"width\":\"489px\",\"height\":\"auto\",\"sizeSlug\":\"large\",\"linkDestination\":\"none\",\"align\":\"center\"} -->\n<figure class=\"wp-block-image aligncenter size-large is-resized\"><img loading=\"lazy\" decoding=\"async\" width=\"721\" height=\"1024\" src=\"https:\/\/coopbionacre.fr\/wp-content\/uploads\/2025\/11\/verso-lion-721x1024.jpeg\" alt=\"\" class=\"wp-image-6085\" style=\"width:489px;height:auto\" srcset=\"https:\/\/coopbionacre.fr\/wp-content\/uploads\/2025\/11\/verso-lion-721x1024.jpeg 721w, https:\/\/coopbionacre.fr\/wp-content\/uploads\/2025\/11\/verso-lion-211x300.jpeg 211w, https:\/\/coopbionacre.fr\/wp-content\/uploads\/2025\/11\/verso-lion-768x1090.jpeg 768w, https:\/\/coopbionacre.fr\/wp-content\/uploads\/2025\/11\/verso-lion-1082x1536.jpeg 1082w, https:\/\/coopbionacre.fr\/wp-content\/uploads\/2025\/11\/verso-lion-1320x1874.jpeg 1320w, https:\/\/coopbionacre.fr\/wp-content\/uploads\/2025\/11\/verso-lion.jpeg 1409w\" sizes=\"auto, (max-width: 721px) 100vw, 721px\" \/><\/figure>\n<!-- \/wp:image -->\t\t\t\t<\/div>\n\t\t\t\n\t\t\t\t\t\t\t\t\t<\/article>\n\t\t\t\t\t\t\t\t\t\t\t\t\t\t\t\t<article class=\"uagb-post__inner-wrap\">\t\t\t\t\t\t\t\t<h5 class=\"uagb-post__title uagb-post__text\">\n\t\t\t\t<a href=\"https:\/\/coopbionacre.fr\/index.php\/2025\/11\/14\/festival-alimenterre-langrune-sur-mer-mardi-18-nov\/\" target=\"_self\" rel=\"bookmark noopener noreferrer\">Festival Alimenterre: Langrune-sur-Mer, mardi 18 nov.<\/a>\n\t\t\t<\/h5>\n\t\t\t\t\t\t<div class='uagb-post__text uagb-post-grid-byline'>\n\t\t\t\t\t\t\t\t<time datetime=\"2025-11-14T16:06:22+01:00\" class=\"uagb-post__date\">\n\t\t\t\t\t\t\t\t\t14 novembre 2025\t\t\t\t<\/time>\n\t\t\t\t\t\t<\/div>\n\t\t\t\t\t\t\t<div class='uagb-post__text uagb-post__excerpt'>\n\t\t\t\t\t<!-- wp:image {\"id\":6066,\"width\":\"415px\",\"height\":\"auto\",\"sizeSlug\":\"full\",\"linkDestination\":\"none\",\"align\":\"center\"} -->\n<figure class=\"wp-block-image aligncenter size-full is-resized\"><img loading=\"lazy\" decoding=\"async\" width=\"728\" height=\"1024\" src=\"https:\/\/coopbionacre.fr\/wp-content\/uploads\/2025\/11\/Langrune-en-commun.jpg\" alt=\"\" class=\"wp-image-6066\" style=\"width:415px;height:auto\" srcset=\"https:\/\/coopbionacre.fr\/wp-content\/uploads\/2025\/11\/Langrune-en-commun.jpg 728w, https:\/\/coopbionacre.fr\/wp-content\/uploads\/2025\/11\/Langrune-en-commun-213x300.jpg 213w\" sizes=\"auto, (max-width: 728px) 100vw, 728px\" \/><\/figure>\n<!-- \/wp:image -->\t\t\t\t<\/div>\n\t\t\t\n\t\t\t\t\t\t\t\t\t<\/article>\n\t\t\t\t\t\t\t\t\t\t\t\t\t\t\t\t<article class=\"uagb-post__inner-wrap\">\t\t\t\t\t\t\t\t<h5 class=\"uagb-post__title uagb-post__text\">\n\t\t\t\t<a href=\"https:\/\/coopbionacre.fr\/index.php\/2025\/11\/05\/le-festival-alimenterre-continue-2\/\" target=\"_self\" rel=\"bookmark noopener noreferrer\">Le Festival Alimenterre continue &#8230;<\/a>\n\t\t\t<\/h5>\n\t\t\t\t\t\t<div class='uagb-post__text uagb-post-grid-byline'>\n\t\t\t\t\t\t\t\t<time datetime=\"2025-11-05T11:07:48+01:00\" class=\"uagb-post__date\">\n\t\t\t\t\t\t\t\t\t5 novembre 2025\t\t\t\t<\/time>\n\t\t\t\t\t\t<\/div>\n\t\t\t\t\t\t\t<div class='uagb-post__text uagb-post__excerpt'>\n\t\t\t\t\t<!-- wp:image {\"id\":6034,\"width\":\"355px\",\"height\":\"auto\",\"sizeSlug\":\"large\",\"linkDestination\":\"none\",\"align\":\"center\"} -->\n<figure class=\"wp-block-image aligncenter size-large is-resized\"><img loading=\"lazy\" decoding=\"async\" width=\"728\" height=\"1024\" src=\"https:\/\/coopbionacre.fr\/wp-content\/uploads\/2025\/11\/adresses-mails-internes-a-Coopbionacre-728x1024.jpg\" alt=\"\" class=\"wp-image-6034\" style=\"width:355px;height:auto\" srcset=\"https:\/\/coopbionacre.fr\/wp-content\/uploads\/2025\/11\/adresses-mails-internes-a-Coopbionacre-728x1024.jpg 728w, https:\/\/coopbionacre.fr\/wp-content\/uploads\/2025\/11\/adresses-mails-internes-a-Coopbionacre-213x300.jpg 213w, https:\/\/coopbionacre.fr\/wp-content\/uploads\/2025\/11\/adresses-mails-internes-a-Coopbionacre-768x1081.jpg 768w, https:\/\/coopbionacre.fr\/wp-content\/uploads\/2025\/11\/adresses-mails-internes-a-Coopbionacre-1091x1536.jpg 1091w, https:\/\/coopbionacre.fr\/wp-content\/uploads\/2025\/11\/adresses-mails-internes-a-Coopbionacre-1320x1858.jpg 1320w, https:\/\/coopbionacre.fr\/wp-content\/uploads\/2025\/11\/adresses-mails-internes-a-Coopbionacre.jpg 1421w\" sizes=\"auto, (max-width: 728px) 100vw, 728px\" \/><\/figure>\n<!-- \/wp:image -->\t\t\t\t<\/div>\n\t\t\t\n\t\t\t\t\t\t\t\t\t<\/article>\n\t\t\t\t\t\t\t\t\t\t\t\t\t\t\t\t<article class=\"uagb-post__inner-wrap\">\t\t\t\t\t\t\t\t<h5 class=\"uagb-post__title uagb-post__text\">\n\t\t\t\t<a href=\"https:\/\/coopbionacre.fr\/index.php\/2025\/10\/29\/le-festival-alimenterre-continue\/\" target=\"_self\" rel=\"bookmark noopener noreferrer\">Le Festival Alimenterre continue&#8230;<\/a>\n\t\t\t<\/h5>\n\t\t\t\t\t\t<div class='uagb-post__text uagb-post-grid-byline'>\n\t\t\t\t\t\t\t\t<time datetime=\"2025-10-29T20:04:38+01:00\" class=\"uagb-post__date\">\n\t\t\t\t\t\t\t\t\t29 octobre 2025\t\t\t\t<\/time>\n\t\t\t\t\t\t<\/div>\n\t\t\t\t\t\t\t<div class='uagb-post__text uagb-post__excerpt'>\n\t\t\t\t\t<!-- wp:image {\"id\":5994,\"width\":\"453px\",\"height\":\"auto\",\"sizeSlug\":\"full\",\"linkDestination\":\"none\",\"align\":\"center\"} -->\n<figure class=\"wp-block-image aligncenter size-full is-resized\"><img loading=\"lazy\" decoding=\"async\" width=\"684\" height=\"955\" src=\"https:\/\/coopbionacre.fr\/wp-content\/uploads\/2025\/10\/Festival-Alimenterre-hermanville-4nov.jpg\" alt=\"\" class=\"wp-image-5994\" style=\"width:453px;height:auto\" srcset=\"https:\/\/coopbionacre.fr\/wp-content\/uploads\/2025\/10\/Festival-Alimenterre-hermanville-4nov.jpg 684w, https:\/\/coopbionacre.fr\/wp-content\/uploads\/2025\/10\/Festival-Alimenterre-hermanville-4nov-215x300.jpg 215w\" sizes=\"auto, (max-width: 684px) 100vw, 684px\" \/><\/figure>\n<!-- \/wp:image -->\t\t\t\t<\/div>\n\t\t\t\n\t\t\t\t\t\t\t\t\t<\/article>\n\t\t\t\t\t\t\t\t\t\t\t\t\t\t\t\t<article class=\"uagb-post__inner-wrap\">\t\t\t\t\t\t\t\t<h5 class=\"uagb-post__title uagb-post__text\">\n\t\t\t\t<a href=\"https:\/\/coopbionacre.fr\/index.php\/2025\/10\/07\/rappel-festival-alimenterre-2025\/\" target=\"_self\" rel=\"bookmark noopener noreferrer\">RAPPEL: Festival Alimenterre 2025<\/a>\n\t\t\t<\/h5>\n\t\t\t\t\t\t<div class='uagb-post__text uagb-post-grid-byline'>\n\t\t\t\t\t\t\t\t<time datetime=\"2025-10-07T17:37:00+02:00\" class=\"uagb-post__date\">\n\t\t\t\t\t\t\t\t\t7 octobre 2025\t\t\t\t<\/time>\n\t\t\t\t\t\t<\/div>\n\t\t\t\t\t\t\t<div class='uagb-post__text uagb-post__excerpt'>\n\t\t\t\t\t<!-- wp:image {\"id\":5958,\"sizeSlug\":\"large\",\"linkDestination\":\"none\"} -->\n<figure class=\"wp-block-image size-large\"><img loading=\"lazy\" decoding=\"async\" width=\"1024\" height=\"724\" src=\"https:\/\/coopbionacre.fr\/wp-content\/uploads\/2025\/10\/festival-Alimenterre-2025-affiche-1024x724.jpg\" alt=\"\" class=\"wp-image-5958\" srcset=\"https:\/\/coopbionacre.fr\/wp-content\/uploads\/2025\/10\/festival-Alimenterre-2025-affiche-1024x724.jpg 1024w, https:\/\/coopbionacre.fr\/wp-content\/uploads\/2025\/10\/festival-Alimenterre-2025-affiche-300x212.jpg 300w, https:\/\/coopbionacre.fr\/wp-content\/uploads\/2025\/10\/festival-Alimenterre-2025-affiche-768x543.jpg 768w, https:\/\/coopbionacre.fr\/wp-content\/uploads\/2025\/10\/festival-Alimenterre-2025-affiche-1320x934.jpg 1320w, https:\/\/coopbionacre.fr\/wp-content\/uploads\/2025\/10\/festival-Alimenterre-2025-affiche.jpg 1329w\" sizes=\"auto, (max-width: 1024px) 100vw, 1024px\" \/><\/figure>\n<!-- \/wp:image -->\t\t\t\t<\/div>\n\t\t\t\n\t\t\t\t\t\t\t\t\t<\/article>\n\t\t\t\t\t\t\t\t\t\t\t\t\t\t\t\t<article class=\"uagb-post__inner-wrap\">\t\t\t\t\t\t\t\t<h5 class=\"uagb-post__title uagb-post__text\">\n\t\t\t\t<a href=\"https:\/\/coopbionacre.fr\/index.php\/2025\/09\/24\/valorisation-des-algues-sargasses\/\" target=\"_self\" rel=\"bookmark noopener noreferrer\">Valorisation des algues sargasses<\/a>\n\t\t\t<\/h5>\n\t\t\t\t\t\t<div class='uagb-post__text uagb-post-grid-byline'>\n\t\t\t\t\t\t\t\t<time datetime=\"2025-09-24T12:34:00+02:00\" class=\"uagb-post__date\">\n\t\t\t\t\t\t\t\t\t24 septembre 2025\t\t\t\t<\/time>\n\t\t\t\t\t\t<\/div>\n\t\t\t\t\t\t\t<div class='uagb-post__text uagb-post__excerpt'>\n\t\t\t\t\t<!-- wp:image {\"id\":5879,\"sizeSlug\":\"full\",\"linkDestination\":\"none\",\"align\":\"center\"} -->\n<figure class=\"wp-block-image aligncenter size-full\"><img loading=\"lazy\" decoding=\"async\" width=\"756\" height=\"756\" src=\"https:\/\/coopbionacre.fr\/wp-content\/uploads\/2025\/09\/20250915_201526_0000-2.pdf.png\" alt=\"\" class=\"wp-image-5879\" srcset=\"https:\/\/coopbionacre.fr\/wp-content\/uploads\/2025\/09\/20250915_201526_0000-2.pdf.png 756w, https:\/\/coopbionacre.fr\/wp-content\/uploads\/2025\/09\/20250915_201526_0000-2.pdf-300x300.png 300w, https:\/\/coopbionacre.fr\/wp-content\/uploads\/2025\/09\/20250915_201526_0000-2.pdf-150x150.png 150w\" sizes=\"auto, (max-width: 756px) 100vw, 756px\" \/><\/figure>\n<!-- \/wp:image -->\t\t\t\t<\/div>\n\t\t\t\n\t\t\t\t\t\t\t\t\t<\/article>\n\t\t\t\t\t\t\t\t\t\t\t\t\t\t\t\t<article class=\"uagb-post__inner-wrap\">\t\t\t\t\t\t\t\t<h5 class=\"uagb-post__title uagb-post__text\">\n\t\t\t\t<a href=\"https:\/\/coopbionacre.fr\/index.php\/2025\/09\/08\/festival-alimenterre-2025-2\/\" target=\"_self\" rel=\"bookmark noopener noreferrer\">Festival Alimenterre 2025<\/a>\n\t\t\t<\/h5>\n\t\t\t\t\t\t<div class='uagb-post__text uagb-post-grid-byline'>\n\t\t\t\t\t\t\t\t<time datetime=\"2025-09-08T17:40:37+02:00\" class=\"uagb-post__date\">\n\t\t\t\t\t\t\t\t\t8 septembre 2025\t\t\t\t<\/time>\n\t\t\t\t\t\t<\/div>\n\t\t\t\t\t\t\t<div class='uagb-post__text uagb-post__excerpt'>\n\t\t\t\t\t<!-- wp:paragraph {\"style\":{\"typography\":{\"lineHeight\":\"1.3\"}}} -->\n<p style=\"line-height:1.3\"><em>Le documentaire s\u00e9lectionn\u00e9 par la Coop Bio Nacre (apr\u00e8s vos votes) et qui sera projet\u00e9 lors de la <strong>soir\u00e9e-d\u00e9bat du mardi 21 octobre 2025 \u00e0 20h30 au cin\u00e9ma JOA de Saint-Aubin-sur-mer<\/strong> est :<\/em><\/p>\n<!-- \/wp:paragraph -->\n\n<!-- wp:image {\"id\":5831,\"width\":\"410px\",\"height\":\"auto\",\"sizeSlug\":\"full\",\"linkDestination\":\"none\",\"align\":\"center\"} -->\n<figure class=\"wp-block-image aligncenter size-full is-resized\"><img loading=\"lazy\" decoding=\"async\" width=\"479\" height=\"653\" src=\"https:\/\/coopbionacre.fr\/wp-content\/uploads\/2025\/09\/Screenshot-2025-09-01-at-12-03-16-Lowka.png\" alt=\"\" class=\"wp-image-5831\" style=\"width:410px;height:auto\" srcset=\"https:\/\/coopbionacre.fr\/wp-content\/uploads\/2025\/09\/Screenshot-2025-09-01-at-12-03-16-Lowka.png 479w, https:\/\/coopbionacre.fr\/wp-content\/uploads\/2025\/09\/Screenshot-2025-09-01-at-12-03-16-Lowka-220x300.png 220w\" sizes=\"auto, (max-width: 479px) 100vw, 479px\" \/><\/figure>\n<!-- \/wp:image -->\n\n<!-- wp:paragraph {\"style\":{\"typography\":{\"lineHeight\":\"1.2\"},\"color\":{\"background\":\"#dbe3db7a\"}},\"fontSize\":\"small\"} -->\n<p class=\"has-background has-small-font-size\" style=\"background-color:#dbe3db7a;line-height:1.2\">En 2025 en France, une personne sur dix a des difficult\u00e9s chaque jour pour se nourrir. L&rsquo;aide alimentaire s&rsquo;est install\u00e9e dans le paysage. Malgr\u00e9 toute son humanit\u00e9, elle est d\u00e9bord\u00e9e par le ph\u00e9nom\u00e8ne. Face \u00e0 cette situation, un collectif d\u2019associations de Montpellier a cr\u00e9\u00e9 une Caisse alimentaire commune. Pendant une ann\u00e9e, le film suit la premi\u00e8re \u00e9bauche d&rsquo;une s\u00e9curit\u00e9 sociale de l\u2019alimentation. 400 personnes y cotisent selon leurs moyens et re\u00e7oivent tous la m\u00eame somme pour se nourrir sainement. Surtout, elles reprennent leur vie en main. A travers quatre portraits sensibles, le film propose une r\u00e9flexion sur le droit \u00e0 l\u2019alimentation.<\/p>\n<!-- \/wp:paragraph -->\t\t\t\t<\/div>\n\t\t\t\n\t\t\t\t\t\t\t\t\t<\/article>\n\t\t\t\t\t\t\t\t\t\t\t\t\t\t\t\t<article class=\"uagb-post__inner-wrap\">\t\t\t\t\t\t\t\t<h5 class=\"uagb-post__title uagb-post__text\">\n\t\t\t\t<a href=\"https:\/\/coopbionacre.fr\/index.php\/2025\/08\/30\/festival-alimenterre-2025\/\" target=\"_self\" rel=\"bookmark noopener noreferrer\">Festival ALIMENTERRE 2025<\/a>\n\t\t\t<\/h5>\n\t\t\t\t\t\t<div class='uagb-post__text uagb-post-grid-byline'>\n\t\t\t\t\t\t\t\t<time datetime=\"2025-08-30T15:18:38+02:00\" class=\"uagb-post__date\">\n\t\t\t\t\t\t\t\t\t30 ao\u00fbt 2025\t\t\t\t<\/time>\n\t\t\t\t\t\t<\/div>\n\t\t\t\t\t\t\t<div class='uagb-post__text uagb-post__excerpt'>\n\t\t\t\t\t<!-- wp:image {\"id\":5829,\"sizeSlug\":\"full\",\"linkDestination\":\"none\"} -->\n<figure class=\"wp-block-image size-full\"><img loading=\"lazy\" decoding=\"async\" width=\"796\" height=\"296\" src=\"https:\/\/coopbionacre.fr\/wp-content\/uploads\/2025\/08\/festival-Alimenterre.jpg\" alt=\"\" class=\"wp-image-5829\" srcset=\"https:\/\/coopbionacre.fr\/wp-content\/uploads\/2025\/08\/festival-Alimenterre.jpg 796w, https:\/\/coopbionacre.fr\/wp-content\/uploads\/2025\/08\/festival-Alimenterre-300x112.jpg 300w, https:\/\/coopbionacre.fr\/wp-content\/uploads\/2025\/08\/festival-Alimenterre-768x286.jpg 768w\" sizes=\"auto, (max-width: 796px) 100vw, 796px\" \/><\/figure>\n<!-- \/wp:image -->\t\t\t\t<\/div>\n\t\t\t\n\t\t\t\t\t\t\t\t\t<\/article>\n\t\t\t\t\t\t\t\t\t\t\t\t\t\t\t\t<article class=\"uagb-post__inner-wrap\">\t\t\t\t\t\t\t\t<h5 class=\"uagb-post__title uagb-post__text\">\n\t\t\t\t<a href=\"https:\/\/coopbionacre.fr\/index.php\/2025\/07\/16\/marches-paysans-et-festifs-2025\/\" target=\"_self\" rel=\"bookmark noopener noreferrer\">March\u00e9s paysans et festifs 2025<\/a>\n\t\t\t<\/h5>\n\t\t\t\t\t\t<div class='uagb-post__text uagb-post-grid-byline'>\n\t\t\t\t\t\t\t\t<time datetime=\"2025-07-16T18:21:32+02:00\" class=\"uagb-post__date\">\n\t\t\t\t\t\t\t\t\t16 juillet 2025\t\t\t\t<\/time>\n\t\t\t\t\t\t<\/div>\n\t\t\t\t\t\t\t<div class='uagb-post__text uagb-post__excerpt'>\n\t\t\t\t\t<!-- wp:image {\"id\":6018,\"width\":\"349px\",\"height\":\"auto\",\"sizeSlug\":\"full\",\"linkDestination\":\"none\",\"align\":\"center\"} -->\n<figure class=\"wp-block-image aligncenter size-full is-resized\"><img loading=\"lazy\" decoding=\"async\" width=\"534\" height=\"726\" src=\"https:\/\/coopbionacre.fr\/wp-content\/uploads\/2025\/07\/marches-paysans_Hauts-lEsscure.jpg\" alt=\"\" class=\"wp-image-6018\" style=\"width:349px;height:auto\" srcset=\"https:\/\/coopbionacre.fr\/wp-content\/uploads\/2025\/07\/marches-paysans_Hauts-lEsscure.jpg 534w, https:\/\/coopbionacre.fr\/wp-content\/uploads\/2025\/07\/marches-paysans_Hauts-lEsscure-221x300.jpg 221w\" sizes=\"auto, (max-width: 534px) 100vw, 534px\" \/><\/figure>\n<!-- \/wp:image -->\t\t\t\t<\/div>\n\t\t\t\n\t\t\t\t\t\t\t\t\t<\/article>\n\t\t\t\t\t\t\t\t\t\t\t\t\t\t\t\t<article class=\"uagb-post__inner-wrap\">\t\t\t\t\t\t\t\t<h5 class=\"uagb-post__title uagb-post__text\">\n\t\t\t\t<a href=\"https:\/\/coopbionacre.fr\/index.php\/2025\/07\/03\/le-rapport-dactivite-2024-de-solagro-est-en-ligne\/\" target=\"_self\" rel=\"bookmark noopener noreferrer\">Le rapport d&rsquo;activit\u00e9 2024 de Solagro est en ligne<\/a>\n\t\t\t<\/h5>\n\t\t\t\t\t\t<div class='uagb-post__text uagb-post-grid-byline'>\n\t\t\t\t\t\t\t\t<time datetime=\"2025-07-03T10:40:00+02:00\" class=\"uagb-post__date\">\n\t\t\t\t\t\t\t\t\t3 juillet 2025\t\t\t\t<\/time>\n\t\t\t\t\t\t<\/div>\n\t\t\t\t\t\t\t<div class='uagb-post__text uagb-post__excerpt'>\n\t\t\t\t\t<!-- wp:image {\"id\":5734,\"width\":\"485px\",\"height\":\"auto\",\"sizeSlug\":\"full\",\"linkDestination\":\"none\",\"align\":\"center\"} -->\n<figure class=\"wp-block-image aligncenter size-full is-resized\"><img loading=\"lazy\" decoding=\"async\" width=\"683\" height=\"407\" src=\"https:\/\/coopbionacre.fr\/wp-content\/uploads\/2025\/07\/solagro.jpg\" alt=\"\" class=\"wp-image-5734\" style=\"width:485px;height:auto\" srcset=\"https:\/\/coopbionacre.fr\/wp-content\/uploads\/2025\/07\/solagro.jpg 683w, https:\/\/coopbionacre.fr\/wp-content\/uploads\/2025\/07\/solagro-300x179.jpg 300w\" sizes=\"auto, (max-width: 683px) 100vw, 683px\" \/><\/figure>\n<!-- \/wp:image -->\n\n<!-- wp:paragraph {\"style\":{\"typography\":{\"lineHeight\":\"1.2\"}}} -->\n<p style=\"line-height:1.2\">Ce rapport t\u00e9moigne de notre approche syst\u00e9mique et collective au service des transitions \u00e9cologiques mais il est aussi annonciateur de nouvelles perspectives pour l&rsquo;association. En 2024, des projets d\u2019envergure ont \u00e9merg\u00e9 pour faire avancer la pr\u00e9servation des \u00e9cosyst\u00e8mes, construire des alliances au service des transitions, contribuer aux \u00e9conomies d\u2019\u00e9nergie, participer au d\u00e9veloppement des \u00e9nergies renouvelables&#8230; Des missions ont \u00e9t\u00e9 port\u00e9es par Solagro au niveau national comme \u00e0 l\u2019\u00e9chelle locale, dans les sph\u00e8res d\u2019influence minist\u00e9rielles comme sur le terrain o\u00f9 se jouent concr\u00e8tement les transitions, dans les exploitations agricoles, dans les territoires&#8230;<br><a href=\"https:\/\/43rg.mj.am\/nl3\/kmss2wmFT-qcerXaOHRwTA?m=AUUAAHG8uPQAAct9LkIAANDMAE0AAP-iAnIAJNjQAARBUwBoXS_riXo06VxDQImMQK0T7RvpIwAEEk4&amp;b=8d9893d1&amp;e=6dad7d80&amp;x=x8juhfqlqs_DvLK1F03IkHIuQ9M_fQvYWNDharcSVR4\" target=\"_blank\" rel=\"noreferrer noopener\">Acc\u00e9der \u00e0 ce rapport ici.<\/a><\/p>\n<!-- \/wp:paragraph -->\t\t\t\t<\/div>\n\t\t\t\n\t\t\t\t\t\t\t\t\t<\/article>\n\t\t\t\t\t\t\t\t\t\t\t\t\t\t\t\t<article class=\"uagb-post__inner-wrap\">\t\t\t\t\t\t\t\t<h5 class=\"uagb-post__title uagb-post__text\">\n\t\t\t\t<a href=\"https:\/\/coopbionacre.fr\/index.php\/2025\/06\/19\/festival-alimenterre-du-15-octobre-au-30-novembre-2025\/\" target=\"_self\" rel=\"bookmark noopener noreferrer\">Festival Alimenterre du 15 octobre au 30 novembre 2025<\/a>\n\t\t\t<\/h5>\n\t\t\t\t\t\t<div class='uagb-post__text uagb-post-grid-byline'>\n\t\t\t\t\t\t\t\t<time datetime=\"2025-06-19T18:00:00+02:00\" class=\"uagb-post__date\">\n\t\t\t\t\t\t\t\t\t19 juin 2025\t\t\t\t<\/time>\n\t\t\t\t\t\t<\/div>\n\t\t\t\t\t\t\t<div class='uagb-post__text uagb-post__excerpt'>\n\t\t\t\t\t<!-- wp:image {\"id\":5693,\"sizeSlug\":\"full\",\"linkDestination\":\"none\"} -->\n<figure class=\"wp-block-image size-full\"><img loading=\"lazy\" decoding=\"async\" width=\"624\" height=\"328\" src=\"https:\/\/coopbionacre.fr\/wp-content\/uploads\/2025\/06\/Festival-Alimenterre-Appel-a-participation-2025.png\" alt=\"\" class=\"wp-image-5693\" srcset=\"https:\/\/coopbionacre.fr\/wp-content\/uploads\/2025\/06\/Festival-Alimenterre-Appel-a-participation-2025.png 624w, https:\/\/coopbionacre.fr\/wp-content\/uploads\/2025\/06\/Festival-Alimenterre-Appel-a-participation-2025-300x158.png 300w\" sizes=\"auto, (max-width: 624px) 100vw, 624px\" \/><\/figure>\n<!-- \/wp:image -->\n\n<!-- wp:paragraph {\"style\":{\"typography\":{\"lineHeight\":1.4}}} -->\n<p style=\"line-height:1.4\">Pour la huiti\u00e8me ann\u00e9e en C\u00f4te de Nacre, <strong>la Coop Bio Nacre participe au \u00ab\u00a0Festival Alimenterre\u00a0\u00bb<\/strong> en partenariat avec huit cin\u00e9mas de la C\u00f4te de Nacre. Dans le lien ci-dessus vous acc\u00e9dez en Avant-premi\u00e8re, \u00e0 la <strong>pr\u00e9sentation des Documenterres <\/strong>qui y seront diffus\u00e9s.<br><strong><a href=\"https:\/\/0ng15.mjt.lu\/nl3\/tJ99rbOX2SIHvIFwLo2hzw?m=AWIAAG-vynwAAc5yHIQAAQODOfEAAYCtDkkAnXxIACJuMABoS-56UlxDsJkGR4GItN8LN_Zp7gAgUKE&amp;b=946c48b2&amp;e=c1d1067c&amp;x=x8juhfqlqs_DvLK1F03IkHIuQ9M_fQvYWNDharcSVR4\" target=\"_blank\" rel=\"noreferrer noopener\">Pr\u00e9sentation du Festival Alimenterre du 15 octobre au 30 novembre 2025<\/a><\/strong><\/p>\n<!-- \/wp:paragraph -->\t\t\t\t<\/div>\n\t\t\t\n\t\t\t\t\t\t\t\t\t<\/article>\n\t\t\t\t\t\t\t\t\t\t\t\t\t\t\t\t<article class=\"uagb-post__inner-wrap\">\t\t\t\t\t\t\t\t<h5 class=\"uagb-post__title uagb-post__text\">\n\t\t\t\t<a href=\"https:\/\/coopbionacre.fr\/index.php\/2025\/06\/06\/jardins-a-lion-sur-mer-8-juin\/\" target=\"_self\" rel=\"bookmark noopener noreferrer\">Jardins, \u00e0 Lion-sur-mer 8 juin<\/a>\n\t\t\t<\/h5>\n\t\t\t\t\t\t<div class='uagb-post__text uagb-post-grid-byline'>\n\t\t\t\t\t\t\t\t<time datetime=\"2025-06-06T16:22:23+02:00\" class=\"uagb-post__date\">\n\t\t\t\t\t\t\t\t\t6 juin 2025\t\t\t\t<\/time>\n\t\t\t\t\t\t<\/div>\n\t\t\t\t\t\t\t<div class='uagb-post__text uagb-post__excerpt'>\n\t\t\t\t\t<!-- wp:image {\"id\":5658,\"width\":\"528px\",\"height\":\"auto\",\"sizeSlug\":\"large\",\"linkDestination\":\"none\",\"align\":\"center\"} -->\n<figure class=\"wp-block-image aligncenter size-large is-resized\"><img loading=\"lazy\" decoding=\"async\" width=\"622\" height=\"1024\" src=\"https:\/\/coopbionacre.fr\/wp-content\/uploads\/2025\/06\/lion-sur-mer-622x1024.jpg\" alt=\"\" class=\"wp-image-5658\" style=\"width:528px;height:auto\" srcset=\"https:\/\/coopbionacre.fr\/wp-content\/uploads\/2025\/06\/lion-sur-mer-622x1024.jpg 622w, https:\/\/coopbionacre.fr\/wp-content\/uploads\/2025\/06\/lion-sur-mer-182x300.jpg 182w, https:\/\/coopbionacre.fr\/wp-content\/uploads\/2025\/06\/lion-sur-mer-768x1265.jpg 768w, https:\/\/coopbionacre.fr\/wp-content\/uploads\/2025\/06\/lion-sur-mer.jpg 842w\" sizes=\"auto, (max-width: 622px) 100vw, 622px\" \/><\/figure>\n<!-- \/wp:image -->\t\t\t\t<\/div>\n\t\t\t\n\t\t\t\t\t\t\t\t\t<\/article>\n\t\t\t\t\t\t\t\t\t\t\t\t\t\t\t\t<article class=\"uagb-post__inner-wrap\">\t\t\t\t\t\t\t\t<h5 class=\"uagb-post__title uagb-post__text\">\n\t\t\t\t<a href=\"https:\/\/coopbionacre.fr\/index.php\/2025\/06\/05\/vous-voulez-en-savoir-plus-sur-leau-a-langrune-sur-mer\/\" target=\"_self\" rel=\"bookmark noopener noreferrer\">Vous voulez en savoir plus sur l\u2019eau \u00e0 Langrune sur mer ?<\/a>\n\t\t\t<\/h5>\n\t\t\t\t\t\t<div class='uagb-post__text uagb-post-grid-byline'>\n\t\t\t\t\t\t\t\t<time datetime=\"2025-06-05T10:05:00+02:00\" class=\"uagb-post__date\">\n\t\t\t\t\t\t\t\t\t5 juin 2025\t\t\t\t<\/time>\n\t\t\t\t\t\t<\/div>\n\t\t\t\t\t\t\t<div class='uagb-post__text uagb-post__excerpt'>\n\t\t\t\t\t<!-- wp:paragraph -->\n<p><strong>Samedi 7 juin \u00e0 10h00, \u00e0 la biblioth\u00e8que de Langrune sur mer.<\/strong><\/p>\n<!-- \/wp:paragraph -->\n\n<!-- wp:paragraph {\"style\":{\"typography\":{\"lineHeight\":\"1.3\"}}} -->\n<p style=\"line-height:1.3\">\u00c9puration, assainissement, eau potable, eau de baignade, le Goulet\u2026l\u2019eau est un \u00e9l\u00e9ment essentiel dans notre vie quotidienne \u00e0 Langrune sur mer, et pourtant, cette ressource et ses r\u00e9seaux sont bien mal connus. <strong>Vous voulez en savoir plus sur l\u2019eau \u00e0 Langrune sur mer<\/strong> : ses circuits, son traitement, sa qualit\u00e9, l\u2019eau douce, l\u2019eau sal\u00e9e, et m\u00eame des anecdotes\u2026.<br><strong>Venez poser toutes vos questions<\/strong> samedi 7 juin \u00e0 10h00, \u00e0 la biblioth\u00e8que de Langrune sur mer <strong>\u00e0 Fran\u00e7ois Palao, ancien Pr\u00e9sident du Syndicat de l\u2019eau<\/strong> de Langrune sur mer, Saint Aubin sur mer et Luc sur mer. Fran\u00e7ois est intarissable et en conna\u00eet un rayon sur le cycle de l\u2019eau dans notre commune de Langrune.<\/p>\n<!-- \/wp:paragraph -->\n\n<!-- wp:image {\"id\":5661,\"width\":\"359px\",\"height\":\"auto\",\"sizeSlug\":\"full\",\"linkDestination\":\"none\",\"align\":\"center\"} -->\n<figure class=\"wp-block-image aligncenter size-full is-resized\"><img loading=\"lazy\" decoding=\"async\" width=\"827\" height=\"572\" src=\"https:\/\/coopbionacre.fr\/wp-content\/uploads\/2025\/06\/land-Growan.jpg\" alt=\"\" class=\"wp-image-5661\" style=\"width:359px;height:auto\" srcset=\"https:\/\/coopbionacre.fr\/wp-content\/uploads\/2025\/06\/land-Growan.jpg 827w, https:\/\/coopbionacre.fr\/wp-content\/uploads\/2025\/06\/land-Growan-300x207.jpg 300w, https:\/\/coopbionacre.fr\/wp-content\/uploads\/2025\/06\/land-Growan-768x531.jpg 768w\" sizes=\"auto, (max-width: 827px) 100vw, 827px\" \/><\/figure>\n<!-- \/wp:image -->\n\n<!-- wp:paragraph {\"style\":{\"typography\":{\"lineHeight\":\"1.3\"}}} -->\n<p style=\"line-height:1.3\"><a href=\"https:\/\/www.facebook.com\/groups\/3126149877660022\/\" target=\"_blank\" rel=\"noreferrer noopener\">Association Land Growan au pied du mur<\/a><\/p>\n<!-- \/wp:paragraph -->\t\t\t\t<\/div>\n\t\t\t\n\t\t\t\t\t\t\t\t\t<\/article>\n\t\t\t\t\t\t\t\t\t\t\t\t\t\t\t\t<article class=\"uagb-post__inner-wrap\">\t\t\t\t\t\t\t\t<h5 class=\"uagb-post__title uagb-post__text\">\n\t\t\t\t<a href=\"https:\/\/coopbionacre.fr\/index.php\/2025\/05\/07\/atelier-rencontre-voyons-large-caen\/\" target=\"_self\" rel=\"bookmark noopener noreferrer\">Atelier-rencontre Voyons large ! (Caen)<\/a>\n\t\t\t<\/h5>\n\t\t\t\t\t\t<div class='uagb-post__text uagb-post-grid-byline'>\n\t\t\t\t\t\t\t\t<time datetime=\"2025-05-07T18:40:44+02:00\" class=\"uagb-post__date\">\n\t\t\t\t\t\t\t\t\t7 mai 2025\t\t\t\t<\/time>\n\t\t\t\t\t\t<\/div>\n\t\t\t\t\t\t\t<div class='uagb-post__text uagb-post__excerpt'>\n\t\t\t\t\t<!-- wp:paragraph {\"style\":{\"typography\":{\"lineHeight\":\"1.3\"},\"elements\":{\"link\":{\"color\":{\"text\":\"#101d47\"}}},\"color\":{\"text\":\"#101d47\"}}} -->\n<p class=\"has-text-color has-link-color\" style=\"color:#101d47;line-height:1.3\"><em>Quelles visions avons-nous du grand large, cette zone de pleine mer qui s\u2019\u00e9tend au-del\u00e0 de la bordure du littoral ? Quelles sont les activit\u00e9s r\u00e9alis\u00e9es en mer ? Quelles sont les cohabitations possibles entre biodiversit\u00e9, activit\u00e9s humaines, loisirs et habitant e du littoral ? Pour ce troisi\u00e8me et dernier atelier Voyons large, nous vous invitons \u00e0 \u00e9changer, imaginer et construire des futures d\u00e9sirables en mer.<\/em><br><strong><a href=\"https:\/\/ledome.info\/evenement\/atelier-rencontre-voyons-large-3-3-caen\/\" target=\"_blank\" rel=\"noreferrer noopener\">Lien vers site du D\u00f4me et inscription<\/a><\/strong><\/p>\n<!-- \/wp:paragraph -->\n\n<!-- wp:image {\"id\":5562,\"width\":\"485px\",\"height\":\"auto\",\"sizeSlug\":\"full\",\"linkDestination\":\"none\",\"align\":\"center\"} -->\n<figure class=\"wp-block-image aligncenter size-full is-resized\"><img loading=\"lazy\" decoding=\"async\" width=\"672\" height=\"889\" src=\"https:\/\/coopbionacre.fr\/wp-content\/uploads\/2025\/05\/20250215_1254121.jpg\" alt=\"\" class=\"wp-image-5562\" style=\"width:485px;height:auto\" srcset=\"https:\/\/coopbionacre.fr\/wp-content\/uploads\/2025\/05\/20250215_1254121.jpg 672w, https:\/\/coopbionacre.fr\/wp-content\/uploads\/2025\/05\/20250215_1254121-227x300.jpg 227w\" sizes=\"auto, (max-width: 672px) 100vw, 672px\" \/><\/figure>\n<!-- \/wp:image -->\t\t\t\t<\/div>\n\t\t\t\n\t\t\t\t\t\t\t\t\t<\/article>\n\t\t\t\t\t\t\t\t\t\t\t\t\t\t\t\t<article class=\"uagb-post__inner-wrap\">\t\t\t\t\t\t\t\t<h5 class=\"uagb-post__title uagb-post__text\">\n\t\t\t\t<a href=\"https:\/\/coopbionacre.fr\/index.php\/2025\/04\/30\/fete-du-printemps-le-3-mai-a-saint-aubin-sur-mer\/\" target=\"_self\" rel=\"bookmark noopener noreferrer\">F\u00eate du Printemps le 3 mai \u00e0 Saint Aubin sur mer<\/a>\n\t\t\t<\/h5>\n\t\t\t\t\t\t<div class='uagb-post__text uagb-post-grid-byline'>\n\t\t\t\t\t\t\t\t<time datetime=\"2025-04-30T17:46:01+02:00\" class=\"uagb-post__date\">\n\t\t\t\t\t\t\t\t\t30 avril 2025\t\t\t\t<\/time>\n\t\t\t\t\t\t<\/div>\n\t\t\t\t\t\t\t<div class='uagb-post__text uagb-post__excerpt'>\n\t\t\t\t\t<!-- wp:paragraph {\"style\":{\"typography\":{\"lineHeight\":\"1.2\"}}} -->\n<p style=\"line-height:1.2\"><strong>La Coop Bio Nacre y participe et tient un stand<\/strong> (Pour vous inscrire sur un cr\u00e9neau de permanence, RV sur la derni\u00e8re Newsletter)<\/p>\n<!-- \/wp:paragraph -->\n\n<!-- wp:image {\"id\":5552,\"sizeSlug\":\"full\",\"linkDestination\":\"none\"} -->\n<figure class=\"wp-block-image size-full\"><img loading=\"lazy\" decoding=\"async\" width=\"543\" height=\"768\" src=\"https:\/\/coopbionacre.fr\/wp-content\/uploads\/2025\/04\/fete-du-printemps.jpg\" alt=\"\" class=\"wp-image-5552\" srcset=\"https:\/\/coopbionacre.fr\/wp-content\/uploads\/2025\/04\/fete-du-printemps.jpg 543w, https:\/\/coopbionacre.fr\/wp-content\/uploads\/2025\/04\/fete-du-printemps-212x300.jpg 212w\" sizes=\"auto, (max-width: 543px) 100vw, 543px\" \/><\/figure>\n<!-- \/wp:image -->\t\t\t\t<\/div>\n\t\t\t\n\t\t\t\t\t\t\t\t\t<\/article>\n\t\t\t\t\t\t\t\t\t\t\t\t\t\t\t\t<article class=\"uagb-post__inner-wrap\">\t\t\t\t\t\t\t\t<h5 class=\"uagb-post__title uagb-post__text\">\n\t\t\t\t<a href=\"https:\/\/coopbionacre.fr\/index.php\/2025\/04\/25\/reunion-plui-coeur-de-nacre\/\" target=\"_self\" rel=\"bookmark noopener noreferrer\">R\u00e9union PLUI Coeur de nacre<\/a>\n\t\t\t<\/h5>\n\t\t\t\t\t\t<div class='uagb-post__text uagb-post-grid-byline'>\n\t\t\t\t\t\t\t\t<time datetime=\"2025-04-25T19:01:00+02:00\" class=\"uagb-post__date\">\n\t\t\t\t\t\t\t\t\t25 avril 2025\t\t\t\t<\/time>\n\t\t\t\t\t\t<\/div>\n\t\t\t\t\t\t\t<div class='uagb-post__text uagb-post__excerpt'>\n\t\t\t\t\t<!-- wp:paragraph {\"style\":{\"typography\":{\"lineHeight\":\"1.3\"}}} -->\n<p style=\"line-height:1.3\">Le PLUI pr\u00e9voit et organise l&rsquo;am\u00e9nagement, la construction et le d\u00e9veloppement du territoire<\/p>\n<!-- \/wp:paragraph -->\n\n<!-- wp:image {\"id\":5539,\"sizeSlug\":\"full\",\"linkDestination\":\"none\"} -->\n<figure class=\"wp-block-image size-full\"><img loading=\"lazy\" decoding=\"async\" width=\"426\" height=\"640\" src=\"https:\/\/coopbionacre.fr\/wp-content\/uploads\/2025\/04\/PLUI.jpg\" alt=\"\" class=\"wp-image-5539\" srcset=\"https:\/\/coopbionacre.fr\/wp-content\/uploads\/2025\/04\/PLUI.jpg 426w, https:\/\/coopbionacre.fr\/wp-content\/uploads\/2025\/04\/PLUI-200x300.jpg 200w\" sizes=\"auto, (max-width: 426px) 100vw, 426px\" \/><\/figure>\n<!-- \/wp:image -->\t\t\t\t<\/div>\n\t\t\t\n\t\t\t\t\t\t\t\t\t<\/article>\n\t\t\t\t\t\t\t\t\t\t\t\t\t\t\t\t<article class=\"uagb-post__inner-wrap\">\t\t\t\t\t\t\t\t<h5 class=\"uagb-post__title uagb-post__text\">\n\t\t\t\t<a href=\"https:\/\/coopbionacre.fr\/index.php\/2025\/04\/23\/soiree-dansante-pour-les-enfants-de-lukraine\/\" target=\"_self\" rel=\"bookmark noopener noreferrer\">Soir\u00e9e dansante pour les \u00ab\u00a0enfants de l&rsquo;Ukraine\u00a0\u00bb<\/a>\n\t\t\t<\/h5>\n\t\t\t\t\t\t<div class='uagb-post__text uagb-post-grid-byline'>\n\t\t\t\t\t\t\t\t<time datetime=\"2025-04-23T19:38:00+02:00\" class=\"uagb-post__date\">\n\t\t\t\t\t\t\t\t\t23 avril 2025\t\t\t\t<\/time>\n\t\t\t\t\t\t<\/div>\n\t\t\t\t\t\t\t<div class='uagb-post__text uagb-post__excerpt'>\n\t\t\t\t\t<!-- wp:paragraph -->\n<p><strong>En soutien \u00e0 l&rsquo;Association \u00ab\u00a0Enfants de l&rsquo;Ukraine\u00a0\u00bb<\/strong><\/p>\n<!-- \/wp:paragraph -->\n\n<!-- wp:image {\"id\":5536,\"sizeSlug\":\"full\",\"linkDestination\":\"none\"} -->\n<figure class=\"wp-block-image size-full\"><img loading=\"lazy\" decoding=\"async\" width=\"724\" height=\"1024\" src=\"https:\/\/coopbionacre.fr\/wp-content\/uploads\/2025\/04\/Ukraine.jpg\" alt=\"\" class=\"wp-image-5536\" srcset=\"https:\/\/coopbionacre.fr\/wp-content\/uploads\/2025\/04\/Ukraine.jpg 724w, https:\/\/coopbionacre.fr\/wp-content\/uploads\/2025\/04\/Ukraine-212x300.jpg 212w\" sizes=\"auto, (max-width: 724px) 100vw, 724px\" \/><\/figure>\n<!-- \/wp:image -->\t\t\t\t<\/div>\n\t\t\t\n\t\t\t\t\t\t\t\t\t<\/article>\n\t\t\t\t\t\t\t\t\t\t\t\t\t\t\t\t<article class=\"uagb-post__inner-wrap\">\t\t\t\t\t\t\t\t<h5 class=\"uagb-post__title uagb-post__text\">\n\t\t\t\t<a href=\"https:\/\/coopbionacre.fr\/index.php\/2025\/04\/18\/fete-du-printemps-2\/\" target=\"_self\" rel=\"bookmark noopener noreferrer\">Rappel: F\u00eate du Printemps<\/a>\n\t\t\t<\/h5>\n\t\t\t\t\t\t<div class='uagb-post__text uagb-post-grid-byline'>\n\t\t\t\t\t\t\t\t<time datetime=\"2025-04-18T11:54:00+02:00\" class=\"uagb-post__date\">\n\t\t\t\t\t\t\t\t\t18 avril 2025\t\t\t\t<\/time>\n\t\t\t\t\t\t<\/div>\n\t\t\t\t\t\t\t<div class='uagb-post__text uagb-post__excerpt'>\n\t\t\t\t\t<!-- wp:paragraph {\"style\":{\"typography\":{\"lineHeight\":\"1.2\"}}} -->\n<p style=\"line-height:1.2\"><strong>Rappel: permanence sur le stand Coop Bio Nacre: appel aux Abeilles !<\/strong><br>Huit personnes sont n\u00e9cessaires pour repr\u00e9senter la Coop\u00e9rative c&rsquo;est \u00e0 dire deux b\u00e9n\u00e9voles par permanences de 2 heures (sauf la derni\u00e8re de 15h \u00e0 17h30).<br><a href=\"https:\/\/framadate.org\/NIZ9bQJEgC7db1KB\" target=\"_blank\" rel=\"noreferrer noopener\">Cliquer ici pour vous inscrire sur un cr\u00e9neau horaire<\/a>.<\/p>\n<!-- \/wp:paragraph -->\n\n<!-- wp:image {\"id\":5506,\"width\":\"329px\",\"height\":\"auto\",\"sizeSlug\":\"full\",\"linkDestination\":\"none\",\"align\":\"center\"} -->\n<figure class=\"wp-block-image aligncenter size-full is-resized\"><img loading=\"lazy\" decoding=\"async\" width=\"499\" height=\"704\" src=\"https:\/\/coopbionacre.fr\/wp-content\/uploads\/2025\/04\/fete-du-printemps-2025.jpg\" alt=\"\" class=\"wp-image-5506\" style=\"width:329px;height:auto\" srcset=\"https:\/\/coopbionacre.fr\/wp-content\/uploads\/2025\/04\/fete-du-printemps-2025.jpg 499w, https:\/\/coopbionacre.fr\/wp-content\/uploads\/2025\/04\/fete-du-printemps-2025-213x300.jpg 213w\" sizes=\"auto, (max-width: 499px) 100vw, 499px\" \/><\/figure>\n<!-- \/wp:image -->\n\n<!-- wp:paragraph {\"style\":{\"typography\":{\"lineHeight\":\"1.1\"}},\"fontSize\":\"small\"} -->\n<p class=\"has-small-font-size\" style=\"line-height:1.1\">Ce samedi convivial permet de rencontrer des Habitants de la C\u00f4te de Nacre, Particuliers, des Artisans (sculpture, bijoux, c\u00e9ramique \u2026), des Associations locales orient\u00e9es vers l&rsquo;\u00e9cologie, l&rsquo;environnement, la solidarit\u00e9. Cette ann\u00e9e un troc de plantes et de graines se tiendra \u00e9galement sur le site de la f\u00eate o\u00f9 l&rsquo;on pourra aussi se restaurer. <br>Les serres de la ville seront ouvertes \u00e0 la visite.<br><strong>La Coop Bio Nacre y pr\u00e9sentera son activit\u00e9.<\/strong><\/p>\n<!-- \/wp:paragraph -->\t\t\t\t<\/div>\n\t\t\t\n\t\t\t\t\t\t\t\t\t<\/article>\n\t\t\t\t\t\t\t\t\t\t\t\t\t\t\t\t<article class=\"uagb-post__inner-wrap\">\t\t\t\t\t\t\t\t<h5 class=\"uagb-post__title uagb-post__text\">\n\t\t\t\t<a href=\"https:\/\/coopbionacre.fr\/index.php\/2025\/04\/04\/fete-des-mobilites\/\" target=\"_self\" rel=\"bookmark noopener noreferrer\">F\u00eate des mobilit\u00e9s<\/a>\n\t\t\t<\/h5>\n\t\t\t\t\t\t<div class='uagb-post__text uagb-post-grid-byline'>\n\t\t\t\t\t\t\t\t<time datetime=\"2025-04-04T20:02:45+02:00\" class=\"uagb-post__date\">\n\t\t\t\t\t\t\t\t\t4 avril 2025\t\t\t\t<\/time>\n\t\t\t\t\t\t<\/div>\n\t\t\t\t\t\t\t<div class='uagb-post__text uagb-post__excerpt'>\n\t\t\t\t\t<!-- wp:image {\"id\":5462,\"sizeSlug\":\"full\",\"linkDestination\":\"none\"} -->\n<figure class=\"wp-block-image size-full\"><img loading=\"lazy\" decoding=\"async\" width=\"584\" height=\"839\" src=\"https:\/\/coopbionacre.fr\/wp-content\/uploads\/2025\/04\/fete-des-mobilites.jpg\" alt=\"\" class=\"wp-image-5462\" srcset=\"https:\/\/coopbionacre.fr\/wp-content\/uploads\/2025\/04\/fete-des-mobilites.jpg 584w, https:\/\/coopbionacre.fr\/wp-content\/uploads\/2025\/04\/fete-des-mobilites-209x300.jpg 209w\" sizes=\"auto, (max-width: 584px) 100vw, 584px\" \/><\/figure>\n<!-- \/wp:image -->\n\n<!-- wp:paragraph -->\n<p><a href=\"https:\/\/www.coeurdenacre.fr\/fete-des-mobilites-a-coeur-de-nacre\/\" target=\"_blank\" rel=\"noreferrer noopener\">Voir le programme d\u00e9taill\u00e9<\/a><\/p>\n<!-- \/wp:paragraph -->\t\t\t\t<\/div>\n\t\t\t\n\t\t\t\t\t\t\t\t\t<\/article>\n\t\t\t\t\t\t\t\t\t\t\t\t\t\t\t\t<article class=\"uagb-post__inner-wrap\">\t\t\t\t\t\t\t\t<h5 class=\"uagb-post__title uagb-post__text\">\n\t\t\t\t<a href=\"https:\/\/coopbionacre.fr\/index.php\/2025\/03\/19\/observatoire-de-la-radioactivite-campagne-de-prelevement-mars-avril\/\" target=\"_self\" rel=\"bookmark noopener noreferrer\">Observatoire de la radioactivit\u00e9: campagne de pr\u00e9l\u00e8vement mars-avril<\/a>\n\t\t\t<\/h5>\n\t\t\t\t\t\t<div class='uagb-post__text uagb-post-grid-byline'>\n\t\t\t\t\t\t\t\t<time datetime=\"2025-03-19T11:56:42+01:00\" class=\"uagb-post__date\">\n\t\t\t\t\t\t\t\t\t19 mars 2025\t\t\t\t<\/time>\n\t\t\t\t\t\t<\/div>\n\t\t\t\t\t\t\t<div class='uagb-post__text uagb-post__excerpt'>\n\t\t\t\t\t<!-- wp:paragraph {\"style\":{\"typography\":{\"lineHeight\":\"1.2\"}}} -->\n<p style=\"line-height:1.2\"><em>L\u2019observatoire citoyen de la Radioactivit\u00e9 dans l\u2019Environnement (O.C.R.E) est un r\u00e9seau de surveillance unique permettant de conna\u00eetre les niveaux et les \u00e9volutions de la radioactivit\u00e9 dans l\u2019environnement.\u00a0 Bas\u00e9 sur la vigilance citoyenne, l\u2019Observatoire, mis en place par l\u2019ACRO, permet \u00e0 toute personne de s\u2019impliquer dans une d\u00e9marche active de surveillance de l\u2019environnement et de devenir un \u00ab\u00a0pr\u00e9leveur volontaire\u00a0\u00bb.<\/em><\/p>\n<!-- \/wp:paragraph -->\n\n<!-- wp:paragraph {\"style\":{\"typography\":{\"lineHeight\":\"1.3\"}},\"fontSize\":\"medium\"} -->\n<p class=\"has-medium-font-size\" style=\"line-height:1.3\">Vous souhaitez \u00eatre pr\u00e9leveur (se munir de bottes et cir\u00e9) : <strong>RDV le vendredi 28 mars, 16h \u00e0 Saint Aubin sur mer, au CENT79 rue Pasteur.<\/strong><br>=&gt; <em>En savoir plus sur <a href=\"https:\/\/www.acro.eu.org\/lassociation\/o-c-r\/\" target=\"_blank\" rel=\"noreferrer noopener\">le site de l&rsquo;association<\/a>.<\/em><\/p>\n<!-- \/wp:paragraph -->\n\n<!-- wp:image {\"id\":5450,\"sizeSlug\":\"full\",\"linkDestination\":\"none\"} -->\n<figure class=\"wp-block-image size-full\"><img loading=\"lazy\" decoding=\"async\" width=\"1080\" height=\"1080\" src=\"https:\/\/coopbionacre.fr\/wp-content\/uploads\/2025\/03\/ACRo-planning-mars-avril2025-1.jpg\" alt=\"\" class=\"wp-image-5450\" srcset=\"https:\/\/coopbionacre.fr\/wp-content\/uploads\/2025\/03\/ACRo-planning-mars-avril2025-1.jpg 1080w, https:\/\/coopbionacre.fr\/wp-content\/uploads\/2025\/03\/ACRo-planning-mars-avril2025-1-300x300.jpg 300w, https:\/\/coopbionacre.fr\/wp-content\/uploads\/2025\/03\/ACRo-planning-mars-avril2025-1-1024x1024.jpg 1024w, https:\/\/coopbionacre.fr\/wp-content\/uploads\/2025\/03\/ACRo-planning-mars-avril2025-1-150x150.jpg 150w, https:\/\/coopbionacre.fr\/wp-content\/uploads\/2025\/03\/ACRo-planning-mars-avril2025-1-768x768.jpg 768w\" sizes=\"auto, (max-width: 1080px) 100vw, 1080px\" \/><\/figure>\n<!-- \/wp:image -->\t\t\t\t<\/div>\n\t\t\t\n\t\t\t\t\t\t\t\t\t<\/article>\n\t\t\t\t\t\t\t\t\t\t\t\t\t\t\t\t<article class=\"uagb-post__inner-wrap\">\t\t\t\t\t\t\t\t<h5 class=\"uagb-post__title uagb-post__text\">\n\t\t\t\t<a href=\"https:\/\/coopbionacre.fr\/index.php\/2025\/03\/04\/qui-veut-la-peau-du-nutriscore\/\" target=\"_self\" rel=\"bookmark noopener noreferrer\">Qui veut la peau du Nutriscore ?<\/a>\n\t\t\t<\/h5>\n\t\t\t\t\t\t<div class='uagb-post__text uagb-post-grid-byline'>\n\t\t\t\t\t\t\t\t<time datetime=\"2025-03-04T19:13:03+01:00\" class=\"uagb-post__date\">\n\t\t\t\t\t\t\t\t\t4 mars 2025\t\t\t\t<\/time>\n\t\t\t\t\t\t<\/div>\n\t\t\t\t\t\t\t<div class='uagb-post__text uagb-post__excerpt'>\n\t\t\t\t\t<!-- wp:image {\"id\":5383,\"sizeSlug\":\"full\",\"linkDestination\":\"none\",\"align\":\"center\"} -->\n<figure class=\"wp-block-image aligncenter size-full\"><img loading=\"lazy\" decoding=\"async\" width=\"449\" height=\"229\" src=\"https:\/\/coopbionacre.fr\/wp-content\/uploads\/2025\/03\/nutriscore.jpg\" alt=\"\" class=\"wp-image-5383\" srcset=\"https:\/\/coopbionacre.fr\/wp-content\/uploads\/2025\/03\/nutriscore.jpg 449w, https:\/\/coopbionacre.fr\/wp-content\/uploads\/2025\/03\/nutriscore-300x153.jpg 300w\" sizes=\"auto, (max-width: 449px) 100vw, 449px\" \/><\/figure>\n<!-- \/wp:image -->\n\n<!-- wp:paragraph {\"style\":{\"typography\":{\"lineHeight\":\"1.3\"}}} -->\n<p style=\"line-height:1.3\">Il y a 5 ans, le Nutri-score avait le vent dans le dos. Il \u00e9tait en passe d\u2019\u00eatre g\u00e9n\u00e9ralis\u00e9 et rendu obligatoire en Europe. En effet, en 2020, la Commission avait propos\u00e9 de mettre en place un logo nutritionnel harmonis\u00e9 et obligatoire au sein des 27. Soutenu par la communaut\u00e9 scientifique, le Nutri-Score faisait figure de favori. Mais selon les informations de la cellule investigation de Radio France, la Commission y a renonc\u00e9, sous la pression des lobbies et de l\u2019Italie.<\/p>\n<!-- \/wp:paragraph -->\n\n<!-- wp:paragraph {\"style\":{\"typography\":{\"lineHeight\":\"1.3\"}}} -->\n<p style=\"line-height:1.3\"><a href=\"https:\/\/www.youtube.com\/watch?v=1r0iQWmTTw0\" target=\"_blank\" rel=\"noreferrer noopener\">Voir la courte vid\u00e9o (4mn) <\/a>de la Cellule investigation de Radio-France.<\/p>\n<!-- \/wp:paragraph -->\n\n<!-- wp:paragraph -->\n<p><a href=\"https:\/\/www.francetvinfo.fr\/replay-radio\/le-choix-franceinfo\/enquete-la-commission-europeenne-enterre-le-nutri-score-obligatoire-au-sein-des-27-pays-membres_7073118.html\" target=\"_blank\" rel=\"noreferrer noopener\">Lire l&rsquo;article (ou l&rsquo;\u00e9couter)<\/a> sur le site de France-Info.<\/p>\n<!-- \/wp:paragraph -->\t\t\t\t<\/div>\n\t\t\t\n\t\t\t\t\t\t\t\t\t<\/article>\n\t\t\t\t\t\t\t\t\t\t\t<\/div>\n\t\t\t<\/div>\n","protected":false},"excerpt":{"rendered":"<p>Actualit\u00e9s des Associations amies et quelques \u00e9v\u00e9nements ext\u00e9rieurs<\/p>\n","protected":false},"author":1,"featured_media":0,"parent":0,"menu_order":0,"comment_status":"closed","ping_status":"closed","template":"","meta":{"_uag_custom_page_level_css":"","footnotes":""},"class_list":["post-2751","page","type-page","status-publish","hentry"],"uagb_featured_image_src":{"full":false,"thumbnail":false,"medium":false,"medium_large":false,"large":false,"1536x1536":false,"2048x2048":false,"mailpoet_newsletter_max":false},"uagb_author_info":{"display_name":"admin1042","author_link":"https:\/\/coopbionacre.fr\/index.php\/author\/admin1042\/"},"uagb_comment_info":0,"uagb_excerpt":"Actualit\u00e9s des Associations amies et quelques \u00e9v\u00e9nements ext\u00e9rieurs","_links":{"self":[{"href":"https:\/\/coopbionacre.fr\/index.php\/wp-json\/wp\/v2\/pages\/2751","targetHints":{"allow":["GET"]}}],"collection":[{"href":"https:\/\/coopbionacre.fr\/index.php\/wp-json\/wp\/v2\/pages"}],"about":[{"href":"https:\/\/coopbionacre.fr\/index.php\/wp-json\/wp\/v2\/types\/page"}],"author":[{"embeddable":true,"href":"https:\/\/coopbionacre.fr\/index.php\/wp-json\/wp\/v2\/users\/1"}],"replies":[{"embeddable":true,"href":"https:\/\/coopbionacre.fr\/index.php\/wp-json\/wp\/v2\/comments?post=2751"}],"version-history":[{"count":0,"href":"https:\/\/coopbionacre.fr\/index.php\/wp-json\/wp\/v2\/pages\/2751\/revisions"}],"wp:attachment":[{"href":"https:\/\/coopbionacre.fr\/index.php\/wp-json\/wp\/v2\/media?parent=2751"}],"curies":[{"name":"wp","href":"https:\/\/api.w.org\/{rel}","templated":true}]}}