{"id":3875,"date":"2024-02-06T14:39:33","date_gmt":"2024-02-06T13:39:33","guid":{"rendered":"https:\/\/coopbionacre.fr\/?page_id=3875"},"modified":"2024-12-08T18:41:20","modified_gmt":"2024-12-08T17:41:20","slug":"recettes-et-decouvertes","status":"publish","type":"page","link":"https:\/\/coopbionacre.fr\/index.php\/recettes-et-decouvertes\/","title":{"rendered":"D\u00e9couvertes"},"content":{"rendered":"\n<h2 class=\"wp-block-heading has-text-align-center has-text-color has-link-color wp-elements-f5280e1d37257d858d17604756f92674\" style=\"color:#225763\">A d\u00e9couvrir &#8230;<\/h2>\n\n\n\n<p class=\"has-tertiary-background-color has-background\">Cette rubrique pr\u00e9sente des articles un peu plus d\u00e9taill\u00e9s pour pr\u00e9senter des produits alimentaires \u00ab\u00a0sant\u00e9\u00a0\u00bb (vendus \u00e0 la Coop) et leur utilisation, mais aussi des produits divers utiles au quotidien et des informations utiles pour la maison, le jardin ou l&rsquo;alimentation.<br><em>N&rsquo;h\u00e9sitez pas \u00e0 nous faire part de vos suggestion<\/em>s.<\/p>\n\n\n\n<div class=\"wp-block-uagb-container uagb-block-057ba1e5 alignwide uagb-is-root-container\">\n\t\t\t<div class=\"wp-block-uagb-post-carousel uagb-post-grid  uagb-post__image-position-top uagb-post__image-enabled uagb-block-4a512d67     uagb-post__arrow-outside uagb-slick-carousel uagb-post__items uagb-post__columns-2 is-carousel uagb-post__columns-tablet-2 uagb-post__columns-mobile-1\" data-total=\"1\" style=\"\">\n\n\t\t\t\t\t\t\t\t\t\t\t\t<article class=\"uagb-post__inner-wrap\">\t\t\t\t\t\t\t\t<h4 class=\"uagb-post__title uagb-post__text\">\n\t\t\t\t<a href=\"https:\/\/coopbionacre.fr\/index.php\/2025\/03\/15\/connaissez-vous-les-aliments-qui-boostent-votre-memoire\/\" target=\"_self\" rel=\"bookmark noopener noreferrer\">\u00a0Connaissez-vous les aliments qui boostent votre m\u00e9moire ?<\/a>\n\t\t\t<\/h4>\n\t\t\t\t\t\t<div class='uagb-post__text uagb-post-grid-byline'>\n\t\t\t\t\t\t\t<\/div>\n\t\t\t\t\t\t\t<div class='uagb-post__text uagb-post__excerpt'>\n\t\t\t\t\t<!-- wp:paragraph {\"style\":{\"typography\":{\"lineHeight\":\"1.3\"}}} -->\n<p style=\"line-height:1.3\"><em>On le sait, il existe un lien tr\u00e8s fort entre cerveau et intestin. Ainsi, ce que l\u2019on mange peut directement impacter les fonctions cognitives. <\/em><\/p>\n<!-- \/wp:paragraph -->\n\n<!-- wp:image {\"id\":5425,\"width\":\"458px\",\"height\":\"auto\",\"sizeSlug\":\"full\",\"linkDestination\":\"none\",\"align\":\"center\"} -->\n<figure class=\"wp-block-image aligncenter size-full is-resized\"><img loading=\"lazy\" decoding=\"async\" width=\"1017\" height=\"602\" src=\"https:\/\/coopbionacre.fr\/wp-content\/uploads\/2025\/03\/cerveau-et-alimentation.jpg\" alt=\"\" class=\"wp-image-5425\" style=\"width:458px;height:auto\" srcset=\"https:\/\/coopbionacre.fr\/wp-content\/uploads\/2025\/03\/cerveau-et-alimentation.jpg 1017w, https:\/\/coopbionacre.fr\/wp-content\/uploads\/2025\/03\/cerveau-et-alimentation-300x178.jpg 300w, https:\/\/coopbionacre.fr\/wp-content\/uploads\/2025\/03\/cerveau-et-alimentation-768x455.jpg 768w\" sizes=\"auto, (max-width: 1017px) 100vw, 1017px\" \/><\/figure>\n<!-- \/wp:image -->\n\n<!-- wp:paragraph {\"style\":{\"typography\":{\"lineHeight\":\"1.3\"}}} -->\n<p style=\"line-height:1.3\">En effet, le cerveau ne repr\u00e9sente que 2 % du poids total de notre corps. Pourtant, il utilise jusqu\u2019\u00e0 25 % des apports \u00e9nerg\u00e9tiques provenant de l\u2019alimentation. Ainsi, ce que nous mettons dans notre assiette a un r\u00e9el impact sur l\u2019activit\u00e9 du cerveau et les fonctions qu\u2019il contr\u00f4le, comme la m\u00e9moire.<br>Pour entretenir de bonnes capacit\u00e9s de m\u00e9moire tout au long de la vie, il est donc important d\u2019apprendre, d\u00e8s le plus jeune \u00e2ge, comment garder une alimentation aussi diversifi\u00e9e et \u00e9quilibr\u00e9e que possible.<br><a href=\"https:\/\/www.passeportsante.net\/magazine\/nutrition?doc=aliments-qui-boostent-memoire\">Lire l&rsquo;article sur le site de Passeport-sant\u00e9.<\/a><\/p>\n<!-- \/wp:paragraph -->\n\n<!-- wp:paragraph -->\n<p><\/p>\n<!-- \/wp:paragraph -->\t\t\t\t<\/div>\n\t\t\t\n\t\t\t\t\t\t\t\t\t<\/article>\n\t\t\t\t\t\t\t\t\t\t\t\t\t\t\t\t<article class=\"uagb-post__inner-wrap\">\t\t\t\t\t\t\t\t<h4 class=\"uagb-post__title uagb-post__text\">\n\t\t\t\t<a href=\"https:\/\/coopbionacre.fr\/index.php\/2025\/03\/15\/pourquoi-lexercice-en-plein-air-reste-essentiel-meme-par-temps-froid\/\" target=\"_self\" rel=\"bookmark noopener noreferrer\">Pourquoi l\u2019exercice en plein air reste essentiel m\u00eame par temps froid ?<\/a>\n\t\t\t<\/h4>\n\t\t\t\t\t\t<div class='uagb-post__text uagb-post-grid-byline'>\n\t\t\t\t\t\t\t<\/div>\n\t\t\t\t\t\t\t<div class='uagb-post__text uagb-post__excerpt'>\n\t\t\t\t\t<!-- wp:paragraph {\"style\":{\"typography\":{\"lineHeight\":\"1.3\"}}} -->\n<p style=\"line-height:1.3\">L\u2019hiver et ses temp\u00e9ratures basses nous invitent \u00e0 rester chez soi, bien au chaud. Pourtant, continuer \u00e0 pratiquer un sport, en ext\u00e9rieur, pourrait avoir de nombreux avantages. <a href=\"https:\/\/www.passeportsante.net\/magazine\/sport?doc=pourquoi-exercice-plein-air-reste-essentiel-meme-temps-froid\" target=\"_blank\" rel=\"noreferrer noopener\">On vous explique pourquoi ici, en d\u00e9tail.<\/a><\/p>\n<!-- \/wp:paragraph -->\n\n<!-- wp:image {\"id\":5418,\"width\":\"416px\",\"height\":\"auto\",\"sizeSlug\":\"large\",\"linkDestination\":\"none\",\"align\":\"center\"} -->\n<figure class=\"wp-block-image aligncenter size-large is-resized\"><img loading=\"lazy\" decoding=\"async\" width=\"1024\" height=\"766\" src=\"https:\/\/coopbionacre.fr\/wp-content\/uploads\/2025\/03\/sport-par-temps-froid-1024x766.jpg\" alt=\"\" class=\"wp-image-5418\" style=\"width:416px;height:auto\" srcset=\"https:\/\/coopbionacre.fr\/wp-content\/uploads\/2025\/03\/sport-par-temps-froid-1024x766.jpg 1024w, https:\/\/coopbionacre.fr\/wp-content\/uploads\/2025\/03\/sport-par-temps-froid-300x224.jpg 300w, https:\/\/coopbionacre.fr\/wp-content\/uploads\/2025\/03\/sport-par-temps-froid-768x574.jpg 768w, https:\/\/coopbionacre.fr\/wp-content\/uploads\/2025\/03\/sport-par-temps-froid.jpg 1099w\" sizes=\"auto, (max-width: 1024px) 100vw, 1024px\" \/><\/figure>\n<!-- \/wp:image -->\n\n<!-- wp:paragraph {\"style\":{\"typography\":{\"lineHeight\":\"1.3\"}}} -->\n<p style=\"line-height:1.3\">L&rsquo;essentiel \u00e0 retenir:<br>&#8211; en prenant l\u2019air, vous vous rechargez en vitamine D. Celle-ci ne peut \u00eatre synth\u00e9tis\u00e9e qu\u2019\u00e0 la lumi\u00e8re du jour;<br>&#8211; pratiquer un sport permet de s\u00e9cr\u00e9ter de l\u2019endorphine, l\u2019hormone du bonheur.<\/p>\n<!-- \/wp:paragraph -->\n\n<!-- wp:paragraph {\"style\":{\"typography\":{\"lineHeight\":\"1.2\"}}} -->\n<p style=\"line-height:1.2\"><em>Mais attention: avant de partir en ext\u00e9rieur, il existe quelques pr\u00e9cautions \u00e0 prendre.<\/em><\/p>\n<!-- \/wp:paragraph -->\t\t\t\t<\/div>\n\t\t\t\n\t\t\t\t\t\t\t\t\t<\/article>\n\t\t\t\t\t\t\t\t\t\t\t\t\t\t\t\t<article class=\"uagb-post__inner-wrap\">\t\t\t\t\t\t\t\t<h4 class=\"uagb-post__title uagb-post__text\">\n\t\t\t\t<a href=\"https:\/\/coopbionacre.fr\/index.php\/2025\/03\/15\/jardiner-ma-appris-un-tout-autre-rapport-au-temps\/\" target=\"_self\" rel=\"bookmark noopener noreferrer\">\u00ab Jardiner m\u2019a appris un tout autre rapport au temps \u00bb<\/a>\n\t\t\t<\/h4>\n\t\t\t\t\t\t<div class='uagb-post__text uagb-post-grid-byline'>\n\t\t\t\t\t\t\t<\/div>\n\t\t\t\t\t\t\t<div class='uagb-post__text uagb-post__excerpt'>\n\t\t\t\t\t<!-- wp:image {\"id\":5415,\"width\":\"435px\",\"height\":\"auto\",\"sizeSlug\":\"full\",\"linkDestination\":\"none\",\"align\":\"center\"} -->\n<figure class=\"wp-block-image aligncenter size-full is-resized\"><img loading=\"lazy\" decoding=\"async\" width=\"895\" height=\"588\" src=\"https:\/\/coopbionacre.fr\/wp-content\/uploads\/2025\/03\/jardiner-et-rapport-au-temps.jpg\" alt=\"\" class=\"wp-image-5415\" style=\"width:435px;height:auto\" srcset=\"https:\/\/coopbionacre.fr\/wp-content\/uploads\/2025\/03\/jardiner-et-rapport-au-temps.jpg 895w, https:\/\/coopbionacre.fr\/wp-content\/uploads\/2025\/03\/jardiner-et-rapport-au-temps-300x197.jpg 300w, https:\/\/coopbionacre.fr\/wp-content\/uploads\/2025\/03\/jardiner-et-rapport-au-temps-768x505.jpg 768w\" sizes=\"auto, (max-width: 895px) 100vw, 895px\" \/><\/figure>\n<!-- \/wp:image -->\n\n<!-- wp:paragraph -->\n<p><em>\u00ab\u00a0Je pense que c\u2019est une exp\u00e9rience commune \u00e0 de nombreux jardiniers : s\u2019occuper de ses plantes est une m\u00e9ditation, un apaisement, une relaxation. \u00c0 chacun ses mots pour d\u00e9crire cet \u00e9tat. On est dans le pr\u00e9sent, mais pas seulement. C\u2019est bien plus fort que cela. Pour ma part, les plantes m\u2019ont appris un autre rapport au temps<\/em>.\u00a0\u00bb<\/p>\n<!-- \/wp:paragraph -->\n\n<!-- wp:paragraph -->\n<p><a href=\"https:\/\/reporterre.net\/Jardiner-m-a-appris-un-autre-rapport-au-temps\" target=\"_blank\" rel=\"noreferrer noopener\">Lire le texte sign\u00e9 par Marie Astier.<\/a><\/p>\n<!-- \/wp:paragraph -->\t\t\t\t<\/div>\n\t\t\t\n\t\t\t\t\t\t\t\t\t<\/article>\n\t\t\t\t\t\t\t\t\t\t\t\t\t\t\t\t<article class=\"uagb-post__inner-wrap\">\t\t\t\t\t\t\t\t<h4 class=\"uagb-post__title uagb-post__text\">\n\t\t\t\t<a href=\"https:\/\/coopbionacre.fr\/index.php\/2024\/10\/10\/pieges-a-frelons-cest-le-moment\/\" target=\"_self\" rel=\"bookmark noopener noreferrer\">Pi\u00e8ges \u00e0 frelons : c&rsquo;est le moment!<\/a>\n\t\t\t<\/h4>\n\t\t\t\t\t\t<div class='uagb-post__text uagb-post-grid-byline'>\n\t\t\t\t\t\t\t<\/div>\n\t\t\t\t\t\t\t<div class='uagb-post__text uagb-post__excerpt'>\n\t\t\t\t\t<!-- wp:paragraph -->\n<p><strong>Pi\u00e8ges \u00e0 frelons asiatiques : en ce d\u00e9but de mois d&rsquo;octobre, <\/strong>il est temps de remettre en place les pi\u00e8ges \u00e0 frelons asiatiques. Les reines sont en pleine reproduction. Afin de baisser leur population, il faut anticiper leur cycle. <\/p>\n<!-- \/wp:paragraph -->\n\n<!-- wp:image {\"id\":3641,\"width\":\"174px\",\"height\":\"auto\",\"sizeSlug\":\"large\",\"linkDestination\":\"none\",\"align\":\"center\"} -->\n<figure class=\"wp-block-image aligncenter size-large is-resized\"><img loading=\"lazy\" decoding=\"async\" width=\"611\" height=\"1024\" src=\"https:\/\/coopbionacre.fr\/wp-content\/uploads\/2023\/12\/Escale-atelier-frelons-recadre-611x1024.jpg\" alt=\"\" class=\"wp-image-3641\" style=\"width:174px;height:auto\" srcset=\"https:\/\/coopbionacre.fr\/wp-content\/uploads\/2023\/12\/Escale-atelier-frelons-recadre-611x1024.jpg 611w, https:\/\/coopbionacre.fr\/wp-content\/uploads\/2023\/12\/Escale-atelier-frelons-recadre-179x300.jpg 179w, https:\/\/coopbionacre.fr\/wp-content\/uploads\/2023\/12\/Escale-atelier-frelons-recadre.jpg 714w\" sizes=\"auto, (max-width: 611px) 100vw, 611px\" \/><\/figure>\n<!-- \/wp:image -->\n\n<!-- wp:paragraph -->\n<p>Comme Ghislaine nous l&rsquo;avait expliqu\u00e9, il faut placer un pi\u00e8ge au niveau du goulot de la bouteille (type Badoit), elle-m\u00eame contenant 1\/3 de bi\u00e8re, 1\/3 de vin blanc et 1\/3 de sirop.<\/p>\n<!-- \/wp:paragraph -->\t\t\t\t<\/div>\n\t\t\t\n\t\t\t\t\t\t\t\t\t<\/article>\n\t\t\t\t\t\t\t\t\t\t\t\t\t\t\t\t<article class=\"uagb-post__inner-wrap\">\t\t\t\t\t\t\t\t<h4 class=\"uagb-post__title uagb-post__text\">\n\t\t\t\t<a href=\"https:\/\/coopbionacre.fr\/index.php\/2024\/04\/11\/ne-coupez-pas-trop-souvent-et-trop-court-votre-gazon\/\" target=\"_self\" rel=\"bookmark noopener noreferrer\">Ne coupez pas trop souvent (et trop court) votre gazon !<\/a>\n\t\t\t<\/h4>\n\t\t\t\t\t\t<div class='uagb-post__text uagb-post-grid-byline'>\n\t\t\t\t\t\t\t<\/div>\n\t\t\t\t\t\t\t<div class='uagb-post__text uagb-post__excerpt'>\n\t\t\t\t\t<!-- wp:image {\"id\":4195,\"width\":\"340px\",\"height\":\"auto\",\"sizeSlug\":\"large\",\"linkDestination\":\"none\",\"align\":\"center\"} -->\n<figure class=\"wp-block-image aligncenter size-large is-resized\"><img loading=\"lazy\" decoding=\"async\" width=\"855\" height=\"1024\" src=\"https:\/\/coopbionacre.fr\/wp-content\/uploads\/2024\/04\/gazon-855x1024.jpg\" alt=\"\" class=\"wp-image-4195\" style=\"width:340px;height:auto\" srcset=\"https:\/\/coopbionacre.fr\/wp-content\/uploads\/2024\/04\/gazon-855x1024.jpg 855w, https:\/\/coopbionacre.fr\/wp-content\/uploads\/2024\/04\/gazon-251x300.jpg 251w, https:\/\/coopbionacre.fr\/wp-content\/uploads\/2024\/04\/gazon-768x919.jpg 768w, https:\/\/coopbionacre.fr\/wp-content\/uploads\/2024\/04\/gazon.jpg 1080w\" sizes=\"auto, (max-width: 855px) 100vw, 855px\" \/><\/figure>\n<!-- \/wp:image -->\n\n<!-- wp:paragraph -->\n<p>Pourquoi? Parce que, au mois d&rsquo;avril, les pissenlits, comme les autres petites fleurs qui poussent au tout d\u00e9but du printemps, repr\u00e9sentent presque les seules sources de nourriture accessibles aux pollinisateurs pendant cette p\u00e9riode-ci, d\u2019o\u00f9 l\u2019importance d\u2019\u00e9viter de les couper.<\/p>\n<!-- \/wp:paragraph -->\t\t\t\t<\/div>\n\t\t\t\n\t\t\t\t\t\t\t\t\t<\/article>\n\t\t\t\t\t\t\t\t\t\t\t\t\t\t\t\t<article class=\"uagb-post__inner-wrap\">\t\t\t\t\t\t\t\t<h4 class=\"uagb-post__title uagb-post__text\">\n\t\t\t\t<a href=\"https:\/\/coopbionacre.fr\/index.php\/2024\/03\/02\/le-menage-au-naturel\/\" target=\"_self\" rel=\"bookmark noopener noreferrer\">Le m\u00e9nage au naturel<\/a>\n\t\t\t<\/h4>\n\t\t\t\t\t\t<div class='uagb-post__text uagb-post-grid-byline'>\n\t\t\t\t\t\t\t<\/div>\n\t\t\t\t\t\t\t<div class='uagb-post__text uagb-post__excerpt'>\n\t\t\t\t\t<!-- wp:image {\"align\":\"center\",\"id\":4038,\"width\":\"538px\",\"height\":\"auto\",\"sizeSlug\":\"full\",\"linkDestination\":\"none\"} -->\n<figure class=\"wp-block-image aligncenter size-full is-resized\"><img loading=\"lazy\" decoding=\"async\" width=\"733\" height=\"262\" src=\"https:\/\/coopbionacre.fr\/wp-content\/uploads\/2024\/03\/menage-naturel.jpg\" alt=\"\" class=\"wp-image-4038\" style=\"width:538px;height:auto\" srcset=\"https:\/\/coopbionacre.fr\/wp-content\/uploads\/2024\/03\/menage-naturel.jpg 733w, https:\/\/coopbionacre.fr\/wp-content\/uploads\/2024\/03\/menage-naturel-300x107.jpg 300w\" sizes=\"auto, (max-width: 733px) 100vw, 733px\" \/><\/figure>\n<!-- \/wp:image -->\n\n<!-- wp:paragraph -->\n<p>Opter pour un m\u00e9nage au naturel permet \u00e9galement de r\u00e9aliser quelques \u00e9conomies \u00e0 la maison, mais surtout, les <strong>produits m\u00e9nagers naturels<\/strong> sont biod\u00e9gradables, ils ne laissent donc pas de r\u00e9sidus nocifs pour la plan\u00e8te.<br \/>En optant pour des ingr\u00e9dients simples tels que le vinaigre blanc, le bicarbonate de soude, l&rsquo;acide citrique, le blanc de Meudon ou la pierre blanche, vous pouvez cr\u00e9er facilement vos propres produits de nettoyage&#8230; pour pas cher !&nbsp;Ces <strong>alternatives naturelles<\/strong> sont non seulement abordables, mais aussi polyvalentes.<\/p>\n<!-- \/wp:paragraph -->\n\n<!-- wp:paragraph -->\n<p><em>Tous ces produits sont en vente \u00e0 la Coop<\/em><\/p>\n<!-- \/wp:paragraph -->\n\n\n <a href=\"https:\/\/coopbionacre.fr\/index.php\/2024\/03\/02\/le-menage-au-naturel\/#more-4036\" class=\"more-link\"><span aria-label=\"Lire la suite de Le m\u00e9nage au naturel\">(suite\u2026)<\/span><\/a>\t\t\t\t<\/div>\n\t\t\t\n\t\t\t\t\t\t\t\t\t<\/article>\n\t\t\t\t\t\t\t\t\t\t\t\t\t\t\t\t<article class=\"uagb-post__inner-wrap\">\t\t\t\t\t\t\t\t<h4 class=\"uagb-post__title uagb-post__text\">\n\t\t\t\t<a href=\"https:\/\/coopbionacre.fr\/index.php\/2024\/02\/06\/la-spiruline\/\" target=\"_self\" rel=\"bookmark noopener noreferrer\">La spiruline<\/a>\n\t\t\t<\/h4>\n\t\t\t\t\t\t<div class='uagb-post__text uagb-post-grid-byline'>\n\t\t\t\t\t\t\t<\/div>\n\t\t\t\t\t\t\t<div class='uagb-post__text uagb-post__excerpt'>\n\t\t\t\t\t<!-- wp:image {\"align\":\"center\",\"id\":3889,\"width\":\"401px\",\"height\":\"auto\",\"sizeSlug\":\"medium\",\"linkDestination\":\"none\"} -->\n<figure class=\"wp-block-image aligncenter size-medium is-resized\"><img loading=\"lazy\" decoding=\"async\" width=\"300\" height=\"213\" src=\"https:\/\/coopbionacre.fr\/wp-content\/uploads\/2024\/02\/spiruline-300x213.jpg\" alt=\"\" class=\"wp-image-3889\" style=\"width:401px;height:auto\" srcset=\"https:\/\/coopbionacre.fr\/wp-content\/uploads\/2024\/02\/spiruline-300x213.jpg 300w, https:\/\/coopbionacre.fr\/wp-content\/uploads\/2024\/02\/spiruline.jpg 537w\" sizes=\"auto, (max-width: 300px) 100vw, 300px\" \/><\/figure>\n<!-- \/wp:image -->\n\n<!-- wp:paragraph -->\n<p>La spiruline est une micro-algue alimentaire de couleur verte, souvent pr\u00e9sent\u00e9e sous forme de poudre ou de g\u00e9lules. <br \/><strong>C&rsquo;est une algue qui existe telle quelle depuis plus de 3 milliards d&rsquo;ann\u00e9es<\/strong>. Ainsi nomm\u00e9e en raison de sa forme spiral\u00e9e, la spiruline appartient \u00e0 la famille des cyanobact\u00e9ries ou micro-algues bleu-vert. Il existe pr\u00e8s de 1 500 esp\u00e8ces d&rsquo;algues bleues, et 36 esp\u00e8ces de spiruline sont comestibles. La principale esp\u00e8ce actuellement propos\u00e9e sur le march\u00e9 est la <em>Spirulina platensis<\/em>.<\/p>\n<!-- \/wp:paragraph -->\n\n\n <a href=\"https:\/\/coopbionacre.fr\/index.php\/2024\/02\/06\/la-spiruline\/#more-3888\" class=\"more-link\"><span aria-label=\"Lire la suite de La spiruline\">(suite\u2026)<\/span><\/a>\t\t\t\t<\/div>\n\t\t\t\n\t\t\t\t\t\t\t\t\t<\/article>\n\t\t\t\t\t\t\t\t\t\t\t\t\t\t\t\t<article class=\"uagb-post__inner-wrap\">\t\t\t\t\t\t\t\t<h4 class=\"uagb-post__title uagb-post__text\">\n\t\t\t\t<a href=\"https:\/\/coopbionacre.fr\/index.php\/2024\/02\/06\/la-seve-de-bouleau\/\" target=\"_self\" rel=\"bookmark noopener noreferrer\">La s\u00e8ve de bouleau<\/a>\n\t\t\t<\/h4>\n\t\t\t\t\t\t<div class='uagb-post__text uagb-post-grid-byline'>\n\t\t\t\t\t\t\t<\/div>\n\t\t\t\t\t\t\t<div class='uagb-post__text uagb-post__excerpt'>\n\t\t\t\t\t<!-- wp:image {\"align\":\"center\",\"id\":3881,\"sizeSlug\":\"medium\",\"linkDestination\":\"none\"} -->\n<figure class=\"wp-block-image aligncenter size-medium\"><img loading=\"lazy\" decoding=\"async\" width=\"291\" height=\"300\" src=\"https:\/\/coopbionacre.fr\/wp-content\/uploads\/2024\/02\/seve-de-bouleau-291x300.jpg\" alt=\"\" class=\"wp-image-3881\" srcset=\"https:\/\/coopbionacre.fr\/wp-content\/uploads\/2024\/02\/seve-de-bouleau-291x300.jpg 291w, https:\/\/coopbionacre.fr\/wp-content\/uploads\/2024\/02\/seve-de-bouleau.jpg 411w\" sizes=\"auto, (max-width: 291px) 100vw, 291px\" \/><\/figure>\n<!-- \/wp:image -->\n\n<!-- wp:paragraph {\"backgroundColor\":\"tertiary\"} -->\n<p class=\"has-tertiary-background-color has-background\"><strong>La s\u00e8ve de bouleau<\/strong> (ou eau de bouleau) se r\u00e9colte au printemps, juste avant l\u2019apparition des feuilles de l\u2019arbre. Elle est r\u00e9colt\u00e9e en per\u00e7ant le tronc de l\u2019arbre, de pr\u00e9f\u00e9rence sur des arbres adultes.<br \/>Son go\u00fbt est \u00e0 peine sucr\u00e9, voire neutre. Elle est tr\u00e8s peu calorique. <br \/>La s\u00e8ve de bouleau est consomm\u00e9e pour ses <strong>propri\u00e9t\u00e9s b\u00e9n\u00e9fiques pour la sant\u00e9<\/strong>, telles que :\u00a0l\u2019am\u00e9lioration de la digestion,<strong>\u00a0l\u2019\u00e9limination des toxines <\/strong>ou l\u2019effet d\u00e9toxifiant sur le corps (en particulier sur le foie). <\/p>\n<!-- \/wp:paragraph -->\n\n\n <a href=\"https:\/\/coopbionacre.fr\/index.php\/2024\/02\/06\/la-seve-de-bouleau\/#more-3880\" class=\"more-link\"><span aria-label=\"Lire la suite de La s\u00e8ve de bouleau\">(suite\u2026)<\/span><\/a>\t\t\t\t<\/div>\n\t\t\t\n\t\t\t\t\t\t\t\t\t<\/article>\n\t\t\t\t\t\t\t\t\t\t\t<\/div>\n\t\t\t<\/div>\n","protected":false},"excerpt":{"rendered":"<p>A d\u00e9couvrir &#8230; Cette rubrique pr\u00e9sente des articles un peu plus d\u00e9taill\u00e9s pour pr\u00e9senter des produits alimentaires \u00ab\u00a0sant\u00e9\u00a0\u00bb (vendus \u00e0 la Coop) et leur utilisation, mais aussi des produits divers utiles au quotidien et des informations utiles pour la maison, le jardin ou l&rsquo;alimentation.N&rsquo;h\u00e9sitez pas \u00e0 nous faire part de vos suggestions.<\/p>\n","protected":false},"author":1,"featured_media":0,"parent":0,"menu_order":0,"comment_status":"closed","ping_status":"closed","template":"","meta":{"_uag_custom_page_level_css":"","footnotes":""},"class_list":["post-3875","page","type-page","status-publish","hentry"],"uagb_featured_image_src":{"full":false,"thumbnail":false,"medium":false,"medium_large":false,"large":false,"1536x1536":false,"2048x2048":false,"mailpoet_newsletter_max":false},"uagb_author_info":{"display_name":"admin1042","author_link":"https:\/\/coopbionacre.fr\/index.php\/author\/admin1042\/"},"uagb_comment_info":0,"uagb_excerpt":"A d\u00e9couvrir &#8230; Cette rubrique pr\u00e9sente des articles un peu plus d\u00e9taill\u00e9s pour pr\u00e9senter des produits alimentaires \u00ab\u00a0sant\u00e9\u00a0\u00bb (vendus \u00e0 la Coop) et leur utilisation, mais aussi des produits divers utiles au quotidien et des informations utiles pour la maison, le jardin ou l&rsquo;alimentation.N&rsquo;h\u00e9sitez pas \u00e0 nous faire part de vos suggestions.","_links":{"self":[{"href":"https:\/\/coopbionacre.fr\/index.php\/wp-json\/wp\/v2\/pages\/3875","targetHints":{"allow":["GET"]}}],"collection":[{"href":"https:\/\/coopbionacre.fr\/index.php\/wp-json\/wp\/v2\/pages"}],"about":[{"href":"https:\/\/coopbionacre.fr\/index.php\/wp-json\/wp\/v2\/types\/page"}],"author":[{"embeddable":true,"href":"https:\/\/coopbionacre.fr\/index.php\/wp-json\/wp\/v2\/users\/1"}],"replies":[{"embeddable":true,"href":"https:\/\/coopbionacre.fr\/index.php\/wp-json\/wp\/v2\/comments?post=3875"}],"version-history":[{"count":0,"href":"https:\/\/coopbionacre.fr\/index.php\/wp-json\/wp\/v2\/pages\/3875\/revisions"}],"wp:attachment":[{"href":"https:\/\/coopbionacre.fr\/index.php\/wp-json\/wp\/v2\/media?parent=3875"}],"curies":[{"name":"wp","href":"https:\/\/api.w.org\/{rel}","templated":true}]}}